{"id":7,"date":"2017-09-22T11:58:10","date_gmt":"2017-09-22T09:58:10","guid":{"rendered":"https:\/\/lastenvelomannheim.de\/?page_id=7"},"modified":"2025-11-20T18:32:02","modified_gmt":"2025-11-20T17:32:02","slug":"startseite","status":"publish","type":"page","link":"https:\/\/lastenvelomannheim.de\/","title":{"rendered":""},"content":{"rendered":"\n<h1 class=\"wp-block-heading\"><strong><mark style=\"background-color:rgba(0, 0, 0, 0)\" class=\"has-inline-color has-vivid-cyan-blue-color\">LaMa Lastenr\u00e4der auf Spendenbasis ausleihen<\/mark><\/strong><\/h1>\n\n\n\n<div style=\"height:20px\" aria-hidden=\"true\" class=\"wp-block-spacer\"><\/div>\n\n\n\n<p>Wir setzen uns f\u00fcr eine ressourcenschonende Mobilit\u00e4t ein und verleihen kostenlos Lastenr\u00e4der, ein Transportrad f\u00fcr Rollst\u00fchle und eine Fahrradrikscha. Lade etwas oder jemanden auf und los gehts!<\/p>\n\n\n\n<p>&#8230; macht Spa\u00df beim Familienausflug<br>&#8230; dein Wocheneinkauf wird leicht<br>&#8230; sperrige Dinge ohne Auto transportieren<\/p>\n\n\n\n<figure class=\"wp-block-image size-large\"><img loading=\"lazy\" decoding=\"async\" width=\"1024\" height=\"601\" src=\"https:\/\/lastenvelomannheim.de\/wp-content\/uploads\/2021\/12\/LaMas-Spinelli1-scaled-e1639948384865-1024x601.jpg\" alt=\"\" class=\"wp-image-2417\" srcset=\"https:\/\/lastenvelomannheim.de\/wp-content\/uploads\/2021\/12\/LaMas-Spinelli1-scaled-e1639948384865-1024x601.jpg 1024w, https:\/\/lastenvelomannheim.de\/wp-content\/uploads\/2021\/12\/LaMas-Spinelli1-scaled-e1639948384865-300x176.jpg 300w, https:\/\/lastenvelomannheim.de\/wp-content\/uploads\/2021\/12\/LaMas-Spinelli1-scaled-e1639948384865-768x451.jpg 768w, https:\/\/lastenvelomannheim.de\/wp-content\/uploads\/2021\/12\/LaMas-Spinelli1-scaled-e1639948384865-1536x902.jpg 1536w, https:\/\/lastenvelomannheim.de\/wp-content\/uploads\/2021\/12\/LaMas-Spinelli1-scaled-e1639948384865-2048x1202.jpg 2048w\" sizes=\"auto, (max-width: 706px) 89vw, (max-width: 767px) 82vw, 740px\" \/><\/figure>\n\n\n\n<h3 class=\"wp-block-heading\">So einfach geht&#8217;s:<\/h3>\n\n\n\n<ol class=\"wp-block-list\">\n<li>Standort in der Karte w\u00e4hlen<\/li>\n\n\n\n<li>LaMa <a href=\"https:\/\/lastenvelomannheim.de\/?page_id=14222\"><mark style=\"background-color:rgba(0, 0, 0, 0)\" class=\"has-inline-color has-vivid-cyan-blue-color\">Konto erstellen<\/mark><\/a><\/li>\n\n\n\n<li>Lastenrad reservieren (maximal 6 Tage pro Monat)<\/li>\n\n\n\n<li>Ausleihformular ausf\u00fcllen<\/li>\n\n\n\n<li>Fahrrad abholen<\/li>\n\n\n\n<li><a href=\"https:\/\/lastenvelomannheim.de\/?page_id=186\"><mark style=\"background-color:rgba(0, 0, 0, 0)\" class=\"has-inline-color has-vivid-cyan-blue-color\">Gerne spenden<\/mark> <\/a>\ud83d\ude42<\/li>\n<\/ol>\n\n\n\n<div class=\"wp-block-buttons is-content-justification-center is-layout-flex wp-container-core-buttons-is-layout-16018d1d wp-block-buttons-is-layout-flex\">\n<div class=\"wp-block-button\"><a class=\"wp-block-button__link has-vivid-cyan-blue-background-color has-background wp-element-button\" href=\"https:\/\/lastenvelomannheim.de\/?page_id=27\">Jetzt Standort finden<\/a><\/div>\n<\/div>\n\n\n\n<div style=\"height:20px\" aria-hidden=\"true\" class=\"wp-block-spacer\"><\/div>\n\n\n\n<p class=\"has-text-align-center\"><a href=\"https:\/\/lastenvelomannheim.de\/?page_id=141\"><mark style=\"background-color:rgba(0, 0, 0, 0)\" class=\"has-inline-color has-vivid-cyan-blue-color\">So funktioniert die Buchung genau<\/mark><\/a><\/p>\n\n\n\n<div style=\"height:10px\" aria-hidden=\"true\" class=\"wp-block-spacer\"><\/div>\n\n\n<div id=\"cb-map-10452\" class=\"cb-wrapper cb-leaflet-map\" style=\"width: 100%; height: 450px;\"><\/div>\n\n\n\n<div class=\"wp-block-buttons is-content-justification-center is-layout-flex wp-container-core-buttons-is-layout-16018d1d wp-block-buttons-is-layout-flex\">\n<div class=\"wp-block-button\"><a class=\"wp-block-button__link has-vivid-cyan-blue-background-color has-background wp-element-button\" href=\"https:\/\/lastenvelomannheim.de\/?page_id=27\">Jetzt Lastenrad reservieren<\/a><\/div>\n<\/div>\n\n\n\n<div style=\"height:20px\" aria-hidden=\"true\" class=\"wp-block-spacer\"><\/div>\n\n\n\n<h3 class=\"wp-block-heading\">Neuigkeiten<\/h3>\n\n\n\n<div class=\"wp-block-group margin-bottom: 0px !important margin-block-end:\"><div class=\"wp-block-group__inner-container is-layout-constrained wp-block-group-is-layout-constrained\">\n<div class=\"wp-block-group\"><div class=\"wp-block-group__inner-container is-layout-constrained wp-block-group-is-layout-constrained\">\n<div class=\"wp-block-columns is-layout-flex wp-container-core-columns-is-layout-9d6595d7 wp-block-columns-is-layout-flex\">\n<div class=\"wp-block-column is-layout-flow wp-block-column-is-layout-flow\" style=\"flex-basis:100%\">\n<div class=\"wp-block-group\"><div class=\"wp-block-group__inner-container is-layout-constrained wp-block-group-is-layout-constrained\"><ul class=\"wp-block-latest-posts__list is-grid columns-2 has-dates margin-bottom: 0px !important margin-block-end: 0px !important  wp-block-latest-posts\"><li><div class=\"wp-block-latest-posts__featured-image\"><a href=\"https:\/\/lastenvelomannheim.de\/?p=15922\" aria-label=\"ERika Probefahrten beim Mobilit\u00e4tstag Ilvesheim am 18. April\"><img loading=\"lazy\" decoding=\"async\" width=\"525\" height=\"268\" src=\"https:\/\/lastenvelomannheim.de\/wp-content\/uploads\/2026\/04\/mobilitaetstag-ilvesheim.png\" class=\"attachment-large size-large wp-post-image\" alt=\"\" style=\"max-width:300px;max-height:300px;\" srcset=\"https:\/\/lastenvelomannheim.de\/wp-content\/uploads\/2026\/04\/mobilitaetstag-ilvesheim.png 915w, https:\/\/lastenvelomannheim.de\/wp-content\/uploads\/2026\/04\/mobilitaetstag-ilvesheim-300x153.png 300w, https:\/\/lastenvelomannheim.de\/wp-content\/uploads\/2026\/04\/mobilitaetstag-ilvesheim-768x392.png 768w, https:\/\/lastenvelomannheim.de\/wp-content\/uploads\/2026\/04\/mobilitaetstag-ilvesheim-60x31.png 60w, https:\/\/lastenvelomannheim.de\/wp-content\/uploads\/2026\/04\/mobilitaetstag-ilvesheim-100x51.png 100w\" sizes=\"auto, 100vw\" \/><\/a><\/div><a class=\"wp-block-latest-posts__post-title\" href=\"https:\/\/lastenvelomannheim.de\/?p=15922\">ERika Probefahrten beim Mobilit\u00e4tstag Ilvesheim am 18. April<\/a><time datetime=\"2026-04-16T15:49:38+02:00\" class=\"wp-block-latest-posts__post-date\">16. April 2026<\/time><\/li>\n<li><div class=\"wp-block-latest-posts__featured-image\"><a href=\"https:\/\/lastenvelomannheim.de\/?p=15867\" aria-label=\"Neues Lastenrad auf Franklin &#8211; Willkommen Hilde!\"><img loading=\"lazy\" decoding=\"async\" width=\"525\" height=\"229\" src=\"https:\/\/lastenvelomannheim.de\/wp-content\/uploads\/2023\/05\/Hilde-auf-der-Buga_web.jpg\" class=\"attachment-large size-large wp-post-image\" alt=\"\" style=\"max-width:300px;max-height:300px;\" srcset=\"https:\/\/lastenvelomannheim.de\/wp-content\/uploads\/2023\/05\/Hilde-auf-der-Buga_web.jpg 1000w, https:\/\/lastenvelomannheim.de\/wp-content\/uploads\/2023\/05\/Hilde-auf-der-Buga_web-300x131.jpg 300w, https:\/\/lastenvelomannheim.de\/wp-content\/uploads\/2023\/05\/Hilde-auf-der-Buga_web-768x335.jpg 768w, https:\/\/lastenvelomannheim.de\/wp-content\/uploads\/2023\/05\/Hilde-auf-der-Buga_web-60x26.jpg 60w, https:\/\/lastenvelomannheim.de\/wp-content\/uploads\/2023\/05\/Hilde-auf-der-Buga_web-100x44.jpg 100w\" sizes=\"auto, 100vw\" \/><\/a><\/div><a class=\"wp-block-latest-posts__post-title\" href=\"https:\/\/lastenvelomannheim.de\/?p=15867\">Neues Lastenrad auf Franklin &#8211; Willkommen Hilde!<\/a><time datetime=\"2026-04-13T21:57:03+02:00\" class=\"wp-block-latest-posts__post-date\">13. April 2026<\/time><\/li>\n<li><div class=\"wp-block-latest-posts__featured-image\"><a href=\"https:\/\/lastenvelomannheim.de\/?p=15668\" aria-label=\"F\u00fchrerscheintag am 16.5. f\u00fcr Rikscha ERika &amp; Rollstuhlrad Billie\"><img loading=\"lazy\" decoding=\"async\" width=\"525\" height=\"394\" src=\"https:\/\/lastenvelomannheim.de\/wp-content\/uploads\/2026\/03\/IMG_8112-1024x768.jpg\" class=\"attachment-large size-large wp-post-image\" alt=\"\" style=\"max-width:300px;max-height:300px;\" srcset=\"https:\/\/lastenvelomannheim.de\/wp-content\/uploads\/2026\/03\/IMG_8112-1024x768.jpg 1024w, https:\/\/lastenvelomannheim.de\/wp-content\/uploads\/2026\/03\/IMG_8112-300x225.jpg 300w, https:\/\/lastenvelomannheim.de\/wp-content\/uploads\/2026\/03\/IMG_8112-768x576.jpg 768w, https:\/\/lastenvelomannheim.de\/wp-content\/uploads\/2026\/03\/IMG_8112-1536x1152.jpg 1536w, https:\/\/lastenvelomannheim.de\/wp-content\/uploads\/2026\/03\/IMG_8112-2048x1536.jpg 2048w, https:\/\/lastenvelomannheim.de\/wp-content\/uploads\/2026\/03\/IMG_8112-60x45.jpg 60w, https:\/\/lastenvelomannheim.de\/wp-content\/uploads\/2026\/03\/IMG_8112-100x75.jpg 100w\" sizes=\"auto, 100vw\" \/><\/a><\/div><a class=\"wp-block-latest-posts__post-title\" href=\"https:\/\/lastenvelomannheim.de\/?p=15668\">F\u00fchrerscheintag am 16.5. f\u00fcr Rikscha ERika &amp; Rollstuhlrad Billie<\/a><time datetime=\"2026-03-30T21:00:16+02:00\" class=\"wp-block-latest-posts__post-date\">30. M\u00e4rz 2026<\/time><\/li>\n<li><div class=\"wp-block-latest-posts__featured-image\"><a href=\"https:\/\/lastenvelomannheim.de\/?p=14823\" aria-label=\"Forum Freies Lastenrad 2026 in Mannheim\"><img loading=\"lazy\" decoding=\"async\" width=\"525\" height=\"249\" src=\"https:\/\/lastenvelomannheim.de\/wp-content\/uploads\/2025\/12\/FFL2025-einbeck.jpg\" class=\"attachment-large size-large wp-post-image\" alt=\"\" style=\"max-width:300px;max-height:300px;\" srcset=\"https:\/\/lastenvelomannheim.de\/wp-content\/uploads\/2025\/12\/FFL2025-einbeck.jpg 1017w, https:\/\/lastenvelomannheim.de\/wp-content\/uploads\/2025\/12\/FFL2025-einbeck-300x142.jpg 300w, https:\/\/lastenvelomannheim.de\/wp-content\/uploads\/2025\/12\/FFL2025-einbeck-768x364.jpg 768w, https:\/\/lastenvelomannheim.de\/wp-content\/uploads\/2025\/12\/FFL2025-einbeck-60x28.jpg 60w, https:\/\/lastenvelomannheim.de\/wp-content\/uploads\/2025\/12\/FFL2025-einbeck-100x47.jpg 100w\" sizes=\"auto, 100vw\" \/><\/a><\/div><a class=\"wp-block-latest-posts__post-title\" href=\"https:\/\/lastenvelomannheim.de\/?p=14823\">Forum Freies Lastenrad 2026 in Mannheim<\/a><time datetime=\"2026-02-10T19:04:49+01:00\" class=\"wp-block-latest-posts__post-date\">10. Februar 2026<\/time><\/li>\n<\/ul><\/div><\/div>\n<\/div>\n<\/div>\n<\/div><\/div>\n<\/div><\/div>\n\n\n\n<div class=\"wp-block-buttons margin-top: 0px !important is-horizontal is-content-justification-center is-layout-flex wp-container-core-buttons-is-layout-937ffba9 wp-block-buttons-is-layout-flex\">\n<div class=\"wp-block-button margin-top: 0px !important\"><a class=\"wp-block-button__link has-vivid-cyan-blue-background-color has-background wp-element-button\" href=\"https:\/\/lastenvelomannheim.de\/?page_id=3561\">Weitere Neuigkeiten<\/a><\/div>\n<\/div>\n\n\n\n<div style=\"height:40px\" aria-hidden=\"true\" class=\"wp-block-spacer\"><\/div>\n\n\n\n<blockquote class=\"wp-block-quote is-layout-flow wp-block-quote-is-layout-flow\">\n<h3 class=\"wp-block-heading\">Gemeinsam f\u00fcr eine ressourcenschonende Mobilit\u00e4t<\/h3>\n<\/blockquote>\n\n\n\n<p class=\"has-text-align-left\">Seit 2017 engagieren wir uns in Mannheim und Umgebung f\u00fcr umweltfreundliche Mobilit\u00e4t. Unsere ehrenamtlichen Teams und unsere Standorte verleihen kostenlose Lastenr\u00e4der und Spezialfahrr\u00e4der f\u00fcr alle Generationen.<\/p>\n\n\n\n<p class=\"has-text-align-center\"><strong><em>Gegen Spende leihen  \u2003    CO\u2082 sparen\u2003      Gemeinschaft st\u00e4rken<\/em><\/strong><\/p>\n\n\n\n<div style=\"height:40px\" aria-hidden=\"true\" class=\"wp-block-spacer\"><\/div>\n\n\n\n<h3 class=\"wp-block-heading\">Reserviere jetzt ein LaMa Lastenrad<\/h3>\n\n\n\n<p>Mit unseren R\u00e4dern kannst du einen Ausflug mit deinen Kindern machen, den Wocheneinkauf und die Getr\u00e4nkekiste heimfahren oder anderes sperriges Zeug mit dem <a href=\"https:\/\/lastenvelomannheim.de\/?cb_item=carla\" data-type=\"cb_item\" data-id=\"10649\"><mark style=\"background-color:rgba(0, 0, 0, 0)\" class=\"has-inline-color has-vivid-cyan-blue-color\">Lastenradanh\u00e4nger Carla<\/mark><\/a> transportieren. Die <a href=\"https:\/\/lastenvelomannheim.de\/?cb_item=erika\" data-type=\"cb_item\" data-id=\"7265\"><mark style=\"background-color:rgba(0, 0, 0, 0)\" class=\"has-inline-color has-vivid-cyan-blue-color\">Fahrradrikscha ERika<strong> <\/strong><\/mark><\/a>l\u00e4dt zu gem\u00fctlichen Touren ein und das <a href=\"https:\/\/lastenvelomannheim.de\/?cb_item=billie\" data-type=\"cb_restriction\" data-id=\"7307\"><mark style=\"background-color:rgba(0, 0, 0, 0)\" class=\"has-inline-color has-vivid-cyan-blue-color\">Rollstuhltransportrad Billie<\/mark><\/a><strong><a href=\"https:\/\/lastenvelomannheim.de\/?cb_item=billie\" data-type=\"cb_restriction\" data-id=\"7307\"><mark style=\"background-color:rgba(0, 0, 0, 0)\" class=\"has-inline-color has-vivid-cyan-blue-color\"> <\/mark><\/a><\/strong>erm\u00f6glicht barrierefreie Radausfl\u00fcge.<\/p>\n\n\n\n<div class=\"wp-block-buttons is-content-justification-center is-layout-flex wp-container-core-buttons-is-layout-5590e8cb wp-block-buttons-is-layout-flex\">\n<div class=\"wp-block-button\"><a class=\"wp-block-button__link has-vivid-cyan-blue-background-color has-background wp-element-button\" href=\"https:\/\/lastenvelomannheim.de\/?page_id=27\">Jetzt Lastenrad reservieren<\/a><\/div>\n<\/div>\n\n\n\n<hr class=\"wp-block-separator has-text-color has-white-color has-alpha-channel-opacity has-white-background-color has-background\"\/>\n\n\n\n<p>Nicht in Mannheim und Umgebung? Freie Lastenr\u00e4der gibt es <a href=\"https:\/\/freies-lastenrad.org\/initiativen\/\"><mark style=\"background-color:rgba(0, 0, 0, 0)\" class=\"has-inline-color has-vivid-cyan-blue-color\">in vielen anderen St\u00e4dten<\/mark><\/a>. <br><\/p>\n","protected":false},"excerpt":{"rendered":"<p>LaMa Lastenr\u00e4der auf Spendenbasis ausleihen Wir setzen uns f\u00fcr eine ressourcenschonende Mobilit\u00e4t ein und verleihen kostenlos Lastenr\u00e4der, ein Transportrad f\u00fcr Rollst\u00fchle und eine Fahrradrikscha. Lade etwas oder jemanden auf und los gehts! &#8230; macht Spa\u00df beim Familienausflug&#8230; dein Wocheneinkauf wird leicht&#8230; sperrige Dinge ohne Auto transportieren So einfach geht&#8217;s: So funktioniert die Buchung genau Neuigkeiten &hellip; <\/p>\n<p class=\"link-more\"><a href=\"https:\/\/lastenvelomannheim.de\/\" class=\"more-link\"><span class=\"screen-reader-text\">\u201e\u201c <\/span>weiterlesen<\/a><\/p>\n","protected":false},"author":2079,"featured_media":0,"parent":0,"menu_order":0,"comment_status":"closed","ping_status":"closed","template":"","meta":{"footnotes":""},"class_list":["post-7","page","type-page","status-publish","hentry"],"_links":{"self":[{"href":"https:\/\/lastenvelomannheim.de\/index.php?rest_route=\/wp\/v2\/pages\/7","targetHints":{"allow":["GET"]}}],"collection":[{"href":"https:\/\/lastenvelomannheim.de\/index.php?rest_route=\/wp\/v2\/pages"}],"about":[{"href":"https:\/\/lastenvelomannheim.de\/index.php?rest_route=\/wp\/v2\/types\/page"}],"author":[{"embeddable":true,"href":"https:\/\/lastenvelomannheim.de\/index.php?rest_route=\/wp\/v2\/users\/2079"}],"replies":[{"embeddable":true,"href":"https:\/\/lastenvelomannheim.de\/index.php?rest_route=%2Fwp%2Fv2%2Fcomments&post=7"}],"version-history":[{"count":193,"href":"https:\/\/lastenvelomannheim.de\/index.php?rest_route=\/wp\/v2\/pages\/7\/revisions"}],"predecessor-version":[{"id":14504,"href":"https:\/\/lastenvelomannheim.de\/index.php?rest_route=\/wp\/v2\/pages\/7\/revisions\/14504"}],"wp:attachment":[{"href":"https:\/\/lastenvelomannheim.de\/index.php?rest_route=%2Fwp%2Fv2%2Fmedia&parent=7"}],"curies":[{"name":"wp","href":"https:\/\/api.w.org\/{rel}","templated":true}]}}