{"id":3561,"date":"2022-07-25T08:55:28","date_gmt":"2022-07-25T06:55:28","guid":{"rendered":"https:\/\/lastenvelomannheim.de\/?page_id=3561"},"modified":"2024-03-09T19:03:15","modified_gmt":"2024-03-09T18:03:15","slug":"das-lama-blog","status":"publish","type":"page","link":"https:\/\/lastenvelomannheim.de\/?page_id=3561","title":{"rendered":"Neuigkeiten"},"content":{"rendered":"\n<div class=\"wp-block-query is-layout-flow wp-block-query-is-layout-flow\"><ul class=\"columns-2 wp-block-post-template is-layout-grid wp-container-core-post-template-is-layout-17361a50 wp-block-post-template-is-layout-grid\"><li class=\"wp-block-post post-15922 post type-post status-publish format-standard has-post-thumbnail hentry category-allgemein\">\n\n<div class=\"wp-block-group is-vertical is-content-justification-left is-layout-flex wp-container-core-group-is-layout-8caf01e3 wp-block-group-is-layout-flex\" style=\"padding-top:30px;padding-right:30px;padding-bottom:30px;padding-left:30px\"><figure style=\"width:300px;height:250px;\" class=\"wp-block-post-featured-image\"><a href=\"https:\/\/lastenvelomannheim.de\/?p=15922\" target=\"_self\"  style=\"height:250px\"><img loading=\"lazy\" decoding=\"async\" width=\"915\" height=\"467\" src=\"https:\/\/lastenvelomannheim.de\/wp-content\/uploads\/2026\/04\/mobilitaetstag-ilvesheim.png\" class=\"attachment-post-thumbnail size-post-thumbnail wp-post-image\" alt=\"ERika Probefahrten beim Mobilit\u00e4tstag Ilvesheim am 18. April\" style=\"height:250px;object-fit:cover;\" srcset=\"https:\/\/lastenvelomannheim.de\/wp-content\/uploads\/2026\/04\/mobilitaetstag-ilvesheim.png 915w, https:\/\/lastenvelomannheim.de\/wp-content\/uploads\/2026\/04\/mobilitaetstag-ilvesheim-300x153.png 300w, https:\/\/lastenvelomannheim.de\/wp-content\/uploads\/2026\/04\/mobilitaetstag-ilvesheim-768x392.png 768w, https:\/\/lastenvelomannheim.de\/wp-content\/uploads\/2026\/04\/mobilitaetstag-ilvesheim-60x31.png 60w, https:\/\/lastenvelomannheim.de\/wp-content\/uploads\/2026\/04\/mobilitaetstag-ilvesheim-100x51.png 100w\" sizes=\"auto, 100vw\" \/><\/a><\/figure>\n\n<div class=\"has-text-align-right wp-block-post-date\"><time datetime=\"2026-04-16T15:49:38+02:00\">16. April 2026<\/time><\/div>\n\n\n<div class=\"wp-block-group\"><div class=\"wp-block-group__inner-container is-layout-constrained wp-block-group-is-layout-constrained\"><h2 style=\"font-size:18px;font-style:normal;font-weight:500;\" class=\"wp-block-post-title\"><a href=\"https:\/\/lastenvelomannheim.de\/?p=15922\" target=\"_self\" >ERika Probefahrten beim Mobilit\u00e4tstag Ilvesheim am 18. April<\/a><\/h2><\/div><\/div>\n\n\n<div style=\"font-size:15px;\" class=\"wp-block-post-excerpt\"><p class=\"wp-block-post-excerpt__excerpt\">Am Samstag, 18. April 2026, sind wir beim 1. Ilvesheimer Mobilit\u00e4tstag vertreten! &#x1f4cd; Festplatz Ilvesheim&#x23f0; 10:00\u201315:00 Uhr Vor Ort habt ihr die Gelegenheit, unsere verschiedenen Lastenr\u00e4der kennenzulernen und auszuprobieren. Ob f\u00fcr den Alltag mit Kindern, den Einkauf oder gewerbliche Eins\u00e4tze&hellip;<\/p><p class=\"wp-block-post-excerpt__more-text\"><a class=\"wp-block-post-excerpt__more-link\" href=\"https:\/\/lastenvelomannheim.de\/?p=15922\">Weiterlesen<\/a><\/p><\/div>\n\n\n<hr class=\"wp-block-separator aligncenter has-alpha-channel-opacity is-style-wide\"\/>\n<\/div>\n\n<\/li><li class=\"wp-block-post post-15867 post type-post status-publish format-standard has-post-thumbnail hentry category-allgemein\">\n\n<div class=\"wp-block-group is-vertical is-content-justification-left is-layout-flex wp-container-core-group-is-layout-8caf01e3 wp-block-group-is-layout-flex\" style=\"padding-top:30px;padding-right:30px;padding-bottom:30px;padding-left:30px\"><figure style=\"width:300px;height:250px;\" class=\"wp-block-post-featured-image\"><a href=\"https:\/\/lastenvelomannheim.de\/?p=15867\" target=\"_self\"  style=\"height:250px\"><img loading=\"lazy\" decoding=\"async\" width=\"1000\" height=\"436\" src=\"https:\/\/lastenvelomannheim.de\/wp-content\/uploads\/2023\/05\/Hilde-auf-der-Buga_web.jpg\" class=\"attachment-post-thumbnail size-post-thumbnail wp-post-image\" alt=\"Neues Lastenrad auf Franklin &#8211; Willkommen Hilde!\" style=\"height:250px;object-fit:cover;\" srcset=\"https:\/\/lastenvelomannheim.de\/wp-content\/uploads\/2023\/05\/Hilde-auf-der-Buga_web.jpg 1000w, https:\/\/lastenvelomannheim.de\/wp-content\/uploads\/2023\/05\/Hilde-auf-der-Buga_web-300x131.jpg 300w, https:\/\/lastenvelomannheim.de\/wp-content\/uploads\/2023\/05\/Hilde-auf-der-Buga_web-768x335.jpg 768w, https:\/\/lastenvelomannheim.de\/wp-content\/uploads\/2023\/05\/Hilde-auf-der-Buga_web-60x26.jpg 60w, https:\/\/lastenvelomannheim.de\/wp-content\/uploads\/2023\/05\/Hilde-auf-der-Buga_web-100x44.jpg 100w\" sizes=\"auto, 100vw\" \/><\/a><\/figure>\n\n<div class=\"has-text-align-right wp-block-post-date\"><time datetime=\"2026-04-13T21:57:03+02:00\">13. April 2026<\/time><\/div>\n\n\n<div class=\"wp-block-group\"><div class=\"wp-block-group__inner-container is-layout-constrained wp-block-group-is-layout-constrained\"><h2 style=\"font-size:18px;font-style:normal;font-weight:500;\" class=\"wp-block-post-title\"><a href=\"https:\/\/lastenvelomannheim.de\/?p=15867\" target=\"_self\" >Neues Lastenrad auf Franklin &#8211; Willkommen Hilde!<\/a><\/h2><\/div><\/div>\n\n\n<div style=\"font-size:15px;\" class=\"wp-block-post-excerpt\"><p class=\"wp-block-post-excerpt__excerpt\">Gute Nachrichten f\u00fcr alle, die nachhaltige Mobilit\u00e4t in Mannheim ausprobieren m\u00f6chten: Das Lastenrad \u201eHilde\u201c von LaMa \u2013 Dein Lastenvelo Mannheim ist ab sofort am Standort im Boulderhaus Mannheim in Franklin verf\u00fcgbar. Wie bereits bei anderen LaMa-Standorten gilt auch hier: Hilde&hellip;<\/p><p class=\"wp-block-post-excerpt__more-text\"><a class=\"wp-block-post-excerpt__more-link\" href=\"https:\/\/lastenvelomannheim.de\/?p=15867\">Weiterlesen<\/a><\/p><\/div>\n\n\n<hr class=\"wp-block-separator aligncenter has-alpha-channel-opacity is-style-wide\"\/>\n<\/div>\n\n<\/li><li class=\"wp-block-post post-15668 post type-post status-publish format-standard has-post-thumbnail hentry category-allgemein\">\n\n<div class=\"wp-block-group is-vertical is-content-justification-left is-layout-flex wp-container-core-group-is-layout-8caf01e3 wp-block-group-is-layout-flex\" style=\"padding-top:30px;padding-right:30px;padding-bottom:30px;padding-left:30px\"><figure style=\"width:300px;height:250px;\" class=\"wp-block-post-featured-image\"><a href=\"https:\/\/lastenvelomannheim.de\/?p=15668\" target=\"_self\"  style=\"height:250px\"><img loading=\"lazy\" decoding=\"async\" width=\"2560\" height=\"1920\" src=\"https:\/\/lastenvelomannheim.de\/wp-content\/uploads\/2026\/03\/IMG_8112-scaled.jpg\" class=\"attachment-post-thumbnail size-post-thumbnail wp-post-image\" alt=\"F\u00fchrerscheintag am 16.5. f\u00fcr Rikscha ERika &amp; Rollstuhlrad Billie\" style=\"height:250px;object-fit:cover;\" srcset=\"https:\/\/lastenvelomannheim.de\/wp-content\/uploads\/2026\/03\/IMG_8112-scaled.jpg 2560w, https:\/\/lastenvelomannheim.de\/wp-content\/uploads\/2026\/03\/IMG_8112-300x225.jpg 300w, https:\/\/lastenvelomannheim.de\/wp-content\/uploads\/2026\/03\/IMG_8112-1024x768.jpg 1024w, https:\/\/lastenvelomannheim.de\/wp-content\/uploads\/2026\/03\/IMG_8112-768x576.jpg 768w, https:\/\/lastenvelomannheim.de\/wp-content\/uploads\/2026\/03\/IMG_8112-1536x1152.jpg 1536w, https:\/\/lastenvelomannheim.de\/wp-content\/uploads\/2026\/03\/IMG_8112-2048x1536.jpg 2048w, https:\/\/lastenvelomannheim.de\/wp-content\/uploads\/2026\/03\/IMG_8112-60x45.jpg 60w, https:\/\/lastenvelomannheim.de\/wp-content\/uploads\/2026\/03\/IMG_8112-100x75.jpg 100w\" sizes=\"auto, 100vw\" \/><\/a><\/figure>\n\n<div class=\"has-text-align-right wp-block-post-date\"><time datetime=\"2026-03-30T21:00:16+02:00\">30. M\u00e4rz 2026<\/time><\/div>\n\n\n<div class=\"wp-block-group\"><div class=\"wp-block-group__inner-container is-layout-constrained wp-block-group-is-layout-constrained\"><h2 style=\"font-size:18px;font-style:normal;font-weight:500;\" class=\"wp-block-post-title\"><a href=\"https:\/\/lastenvelomannheim.de\/?p=15668\" target=\"_self\" >F\u00fchrerscheintag am 16.5. f\u00fcr Rikscha ERika &amp; Rollstuhlrad Billie<\/a><\/h2><\/div><\/div>\n\n\n<div style=\"font-size:15px;\" class=\"wp-block-post-excerpt\"><p class=\"wp-block-post-excerpt__excerpt\">Wir bieten an diesem F\u00fchrerscheintag allen interessierten B\u00fcrger*innen die M\u00f6glichkeit ein Lastenrad mal auszuprobieren und eine Testrunde zu drehen. Zudem bieten wir Einweisungen f\u00fcr unsere motorisierte Rikscha ERika und unser Rollstuhlfahrrad Billie an. Ihr k\u00f6nnt dabei F\u00fchrerscheine f\u00fcr diese beiden&hellip;<\/p><p class=\"wp-block-post-excerpt__more-text\"><a class=\"wp-block-post-excerpt__more-link\" href=\"https:\/\/lastenvelomannheim.de\/?p=15668\">Weiterlesen<\/a><\/p><\/div>\n\n\n<hr class=\"wp-block-separator aligncenter has-alpha-channel-opacity is-style-wide\"\/>\n<\/div>\n\n<\/li><li class=\"wp-block-post post-14823 post type-post status-publish format-standard has-post-thumbnail hentry category-allgemein\">\n\n<div class=\"wp-block-group is-vertical is-content-justification-left is-layout-flex wp-container-core-group-is-layout-8caf01e3 wp-block-group-is-layout-flex\" style=\"padding-top:30px;padding-right:30px;padding-bottom:30px;padding-left:30px\"><figure style=\"width:300px;height:250px;\" class=\"wp-block-post-featured-image\"><a href=\"https:\/\/lastenvelomannheim.de\/?p=14823\" target=\"_self\"  style=\"height:250px\"><img loading=\"lazy\" decoding=\"async\" width=\"1017\" height=\"482\" src=\"https:\/\/lastenvelomannheim.de\/wp-content\/uploads\/2025\/12\/FFL2025-einbeck.jpg\" class=\"attachment-post-thumbnail size-post-thumbnail wp-post-image\" alt=\"Forum Freies Lastenrad 2026 in Mannheim\" style=\"height:250px;object-fit:cover;\" srcset=\"https:\/\/lastenvelomannheim.de\/wp-content\/uploads\/2025\/12\/FFL2025-einbeck.jpg 1017w, https:\/\/lastenvelomannheim.de\/wp-content\/uploads\/2025\/12\/FFL2025-einbeck-300x142.jpg 300w, https:\/\/lastenvelomannheim.de\/wp-content\/uploads\/2025\/12\/FFL2025-einbeck-768x364.jpg 768w, https:\/\/lastenvelomannheim.de\/wp-content\/uploads\/2025\/12\/FFL2025-einbeck-60x28.jpg 60w, https:\/\/lastenvelomannheim.de\/wp-content\/uploads\/2025\/12\/FFL2025-einbeck-100x47.jpg 100w\" sizes=\"auto, 100vw\" \/><\/a><\/figure>\n\n<div class=\"has-text-align-right wp-block-post-date\"><time datetime=\"2026-02-10T19:04:49+01:00\">10. Februar 2026<\/time><\/div>\n\n\n<div class=\"wp-block-group\"><div class=\"wp-block-group__inner-container is-layout-constrained wp-block-group-is-layout-constrained\"><h2 style=\"font-size:18px;font-style:normal;font-weight:500;\" class=\"wp-block-post-title\"><a href=\"https:\/\/lastenvelomannheim.de\/?p=14823\" target=\"_self\" >Forum Freies Lastenrad 2026 in Mannheim<\/a><\/h2><\/div><\/div>\n\n\n<div style=\"font-size:15px;\" class=\"wp-block-post-excerpt\"><p class=\"wp-block-post-excerpt__excerpt\">Diese Jahr findet das j\u00e4hrliche Treffen der freien Lastenradvereine in Mannheim statt vom Freitag, 20.02. bis Sonntag, den 22.02.2026. Wir laden recht herzlich ein zu einem Programm mit geselligen Abenden, leckerem Essen, Barcamps mit viel Austausch und einer Mural Radtour.&hellip;<\/p><p class=\"wp-block-post-excerpt__more-text\"><a class=\"wp-block-post-excerpt__more-link\" href=\"https:\/\/lastenvelomannheim.de\/?p=14823\">Weiterlesen<\/a><\/p><\/div>\n\n\n<hr class=\"wp-block-separator aligncenter has-alpha-channel-opacity is-style-wide\"\/>\n<\/div>\n\n<\/li><li class=\"wp-block-post post-14820 post type-post status-publish format-standard has-post-thumbnail hentry category-allgemein\">\n\n<div class=\"wp-block-group is-vertical is-content-justification-left is-layout-flex wp-container-core-group-is-layout-8caf01e3 wp-block-group-is-layout-flex\" style=\"padding-top:30px;padding-right:30px;padding-bottom:30px;padding-left:30px\"><figure style=\"width:300px;height:250px;\" class=\"wp-block-post-featured-image\"><a href=\"https:\/\/lastenvelomannheim.de\/?p=14820\" target=\"_self\"  style=\"height:250px\"><img loading=\"lazy\" decoding=\"async\" width=\"1017\" height=\"482\" src=\"https:\/\/lastenvelomannheim.de\/wp-content\/uploads\/2025\/12\/Erika-header.jpg\" class=\"attachment-post-thumbnail size-post-thumbnail wp-post-image\" alt=\"Fahre Fahrradrikscha beim Karnevalsumzug am 15. Februar\" style=\"height:250px;object-fit:cover;\" srcset=\"https:\/\/lastenvelomannheim.de\/wp-content\/uploads\/2025\/12\/Erika-header.jpg 1017w, https:\/\/lastenvelomannheim.de\/wp-content\/uploads\/2025\/12\/Erika-header-300x142.jpg 300w, https:\/\/lastenvelomannheim.de\/wp-content\/uploads\/2025\/12\/Erika-header-768x364.jpg 768w, https:\/\/lastenvelomannheim.de\/wp-content\/uploads\/2025\/12\/Erika-header-60x28.jpg 60w, https:\/\/lastenvelomannheim.de\/wp-content\/uploads\/2025\/12\/Erika-header-100x47.jpg 100w\" sizes=\"auto, 100vw\" \/><\/a><\/figure>\n\n<div class=\"has-text-align-right wp-block-post-date\"><time datetime=\"2025-12-20T17:37:48+01:00\">20. Dezember 2025<\/time><\/div>\n\n\n<div class=\"wp-block-group\"><div class=\"wp-block-group__inner-container is-layout-constrained wp-block-group-is-layout-constrained\"><h2 style=\"font-size:18px;font-style:normal;font-weight:500;\" class=\"wp-block-post-title\"><a href=\"https:\/\/lastenvelomannheim.de\/?p=14820\" target=\"_self\" >Fahre Fahrradrikscha beim Karnevalsumzug am 15. Februar<\/a><\/h2><\/div><\/div>\n\n\n<div style=\"font-size:15px;\" class=\"wp-block-post-excerpt\"><p class=\"wp-block-post-excerpt__excerpt\">LaMa ist beim gro\u00dfen Karnevalsumzug Mannheim Ludwigshafen am 15. Februar mit dabei beim n\u00e4rrischen Treiben. Mit unserer Fahrradrikscha ERika, die wir bunt schm\u00fccken werden, rollen wir durch die Stra\u00dfen und sorgen f\u00fcr Aufmerksamkeit und gute Laune. Der Umzug startet um&hellip;<\/p><p class=\"wp-block-post-excerpt__more-text\"><a class=\"wp-block-post-excerpt__more-link\" href=\"https:\/\/lastenvelomannheim.de\/?p=14820\">Weiterlesen<\/a><\/p><\/div>\n\n\n<hr class=\"wp-block-separator aligncenter has-alpha-channel-opacity is-style-wide\"\/>\n<\/div>\n\n<\/li><li class=\"wp-block-post post-14773 post type-post status-publish format-standard has-post-thumbnail hentry category-allgemein\">\n\n<div class=\"wp-block-group is-vertical is-content-justification-left is-layout-flex wp-container-core-group-is-layout-8caf01e3 wp-block-group-is-layout-flex\" style=\"padding-top:30px;padding-right:30px;padding-bottom:30px;padding-left:30px\"><figure style=\"width:300px;height:250px;\" class=\"wp-block-post-featured-image\"><a href=\"https:\/\/lastenvelomannheim.de\/?p=14773\" target=\"_self\"  style=\"height:250px\"><img loading=\"lazy\" decoding=\"async\" width=\"1017\" height=\"482\" src=\"https:\/\/lastenvelomannheim.de\/wp-content\/uploads\/2025\/12\/Billie_header.jpg\" class=\"attachment-post-thumbnail size-post-thumbnail wp-post-image\" alt=\"Besucht uns beim Neujahrsempfang am 6. Januar 2026\" style=\"height:250px;object-fit:cover;\" srcset=\"https:\/\/lastenvelomannheim.de\/wp-content\/uploads\/2025\/12\/Billie_header.jpg 1017w, https:\/\/lastenvelomannheim.de\/wp-content\/uploads\/2025\/12\/Billie_header-300x142.jpg 300w, https:\/\/lastenvelomannheim.de\/wp-content\/uploads\/2025\/12\/Billie_header-768x364.jpg 768w, https:\/\/lastenvelomannheim.de\/wp-content\/uploads\/2025\/12\/Billie_header-60x28.jpg 60w, https:\/\/lastenvelomannheim.de\/wp-content\/uploads\/2025\/12\/Billie_header-100x47.jpg 100w\" sizes=\"auto, 100vw\" \/><\/a><\/figure>\n\n<div class=\"has-text-align-right wp-block-post-date\"><time datetime=\"2025-12-18T12:48:06+01:00\">18. Dezember 2025<\/time><\/div>\n\n\n<div class=\"wp-block-group\"><div class=\"wp-block-group__inner-container is-layout-constrained wp-block-group-is-layout-constrained\"><h2 style=\"font-size:18px;font-style:normal;font-weight:500;\" class=\"wp-block-post-title\"><a href=\"https:\/\/lastenvelomannheim.de\/?p=14773\" target=\"_self\" >Besucht uns beim Neujahrsempfang am 6. Januar 2026<\/a><\/h2><\/div><\/div>\n\n\n<div style=\"font-size:15px;\" class=\"wp-block-post-excerpt\"><p class=\"wp-block-post-excerpt__excerpt\">Am 6. Januar \u00f6ffnet das Congress Center Rosengarten seine T\u00fcren f\u00fcr den Neujahrsempfang der Stadt Mannheim \u2013 und wir sind mit einem eigenen Stand dabei. Unter dem diesj\u00e4hrigen Motto \u201eMANNHEIM: MENSCHEN. MUT. IDEEN.\u201c erwartet die Besucherinnen und Besucher eine gro\u00dfe,&hellip;<\/p><p class=\"wp-block-post-excerpt__more-text\"><a class=\"wp-block-post-excerpt__more-link\" href=\"https:\/\/lastenvelomannheim.de\/?p=14773\">Weiterlesen<\/a><\/p><\/div>\n\n\n<hr class=\"wp-block-separator aligncenter has-alpha-channel-opacity is-style-wide\"\/>\n<\/div>\n\n<\/li><li class=\"wp-block-post post-14505 post type-post status-publish format-standard has-post-thumbnail hentry category-allgemein\">\n\n<div class=\"wp-block-group is-vertical is-content-justification-left is-layout-flex wp-container-core-group-is-layout-8caf01e3 wp-block-group-is-layout-flex\" style=\"padding-top:30px;padding-right:30px;padding-bottom:30px;padding-left:30px\"><figure style=\"width:300px;height:250px;\" class=\"wp-block-post-featured-image\"><a href=\"https:\/\/lastenvelomannheim.de\/?p=14505\" target=\"_self\"  style=\"height:250px\"><img loading=\"lazy\" decoding=\"async\" width=\"1030\" height=\"397\" src=\"https:\/\/lastenvelomannheim.de\/wp-content\/uploads\/2025\/11\/Advent-im-sueden-1030px-small.jpg\" class=\"attachment-post-thumbnail size-post-thumbnail wp-post-image\" alt=\"Advent im S\u00fcden &#8211; Weihnachtsgeschichten am LaMa-Container\" style=\"height:250px;object-fit:cover;\" srcset=\"https:\/\/lastenvelomannheim.de\/wp-content\/uploads\/2025\/11\/Advent-im-sueden-1030px-small.jpg 1030w, https:\/\/lastenvelomannheim.de\/wp-content\/uploads\/2025\/11\/Advent-im-sueden-1030px-small-300x116.jpg 300w, https:\/\/lastenvelomannheim.de\/wp-content\/uploads\/2025\/11\/Advent-im-sueden-1030px-small-1024x395.jpg 1024w, https:\/\/lastenvelomannheim.de\/wp-content\/uploads\/2025\/11\/Advent-im-sueden-1030px-small-768x296.jpg 768w, https:\/\/lastenvelomannheim.de\/wp-content\/uploads\/2025\/11\/Advent-im-sueden-1030px-small-60x23.jpg 60w, https:\/\/lastenvelomannheim.de\/wp-content\/uploads\/2025\/11\/Advent-im-sueden-1030px-small-100x39.jpg 100w\" sizes=\"auto, 100vw\" \/><\/a><\/figure>\n\n<div class=\"has-text-align-right wp-block-post-date\"><time datetime=\"2025-11-20T18:58:08+01:00\">20. November 2025<\/time><\/div>\n\n\n<div class=\"wp-block-group\"><div class=\"wp-block-group__inner-container is-layout-constrained wp-block-group-is-layout-constrained\"><h2 style=\"font-size:18px;font-style:normal;font-weight:500;\" class=\"wp-block-post-title\"><a href=\"https:\/\/lastenvelomannheim.de\/?p=14505\" target=\"_self\" >Advent im S\u00fcden &#8211; Weihnachtsgeschichten am LaMa-Container<\/a><\/h2><\/div><\/div>\n\n\n<div style=\"font-size:15px;\" class=\"wp-block-post-excerpt\"><p class=\"wp-block-post-excerpt__excerpt\">Im Dezember k\u00f6nnt ihr bei Advent im S\u00fcden (von K\u00e4fertal in Mannheim) fast jeden Tag eine weihnachtliche Veranstaltung besuchen. Am 2. Dezember um 17:30 Uhr laden wir euch herzlich zu einem besonderen Abend am LaMa-Container auf Spinelli ein. Direkt neben&hellip;<\/p><p class=\"wp-block-post-excerpt__more-text\"><a class=\"wp-block-post-excerpt__more-link\" href=\"https:\/\/lastenvelomannheim.de\/?p=14505\">Weiterlesen<\/a><\/p><\/div>\n\n\n<hr class=\"wp-block-separator aligncenter has-alpha-channel-opacity is-style-wide\"\/>\n<\/div>\n\n<\/li><li class=\"wp-block-post post-4722 post type-post status-publish format-standard has-post-thumbnail hentry category-allgemein\">\n\n<div class=\"wp-block-group is-vertical is-content-justification-left is-layout-flex wp-container-core-group-is-layout-8caf01e3 wp-block-group-is-layout-flex\" style=\"padding-top:30px;padding-right:30px;padding-bottom:30px;padding-left:30px\"><figure style=\"width:300px;height:250px;\" class=\"wp-block-post-featured-image\"><a href=\"https:\/\/lastenvelomannheim.de\/?p=4722\" target=\"_self\"  style=\"height:250px\"><img loading=\"lazy\" decoding=\"async\" width=\"1200\" height=\"798\" src=\"https:\/\/lastenvelomannheim.de\/wp-content\/uploads\/2022\/07\/LUISE-Oktober-2021_bea-1-of-9.jpg\" class=\"attachment-post-thumbnail size-post-thumbnail wp-post-image\" alt=\"Ein Lastenrad in Deinem Stadtbezirk &#8211; Standorte gesucht\" style=\"height:250px;object-fit:cover;\" srcset=\"https:\/\/lastenvelomannheim.de\/wp-content\/uploads\/2022\/07\/LUISE-Oktober-2021_bea-1-of-9.jpg 1200w, https:\/\/lastenvelomannheim.de\/wp-content\/uploads\/2022\/07\/LUISE-Oktober-2021_bea-1-of-9-300x200.jpg 300w, https:\/\/lastenvelomannheim.de\/wp-content\/uploads\/2022\/07\/LUISE-Oktober-2021_bea-1-of-9-1024x681.jpg 1024w, https:\/\/lastenvelomannheim.de\/wp-content\/uploads\/2022\/07\/LUISE-Oktober-2021_bea-1-of-9-768x511.jpg 768w, https:\/\/lastenvelomannheim.de\/wp-content\/uploads\/2022\/07\/LUISE-Oktober-2021_bea-1-of-9-60x40.jpg 60w, https:\/\/lastenvelomannheim.de\/wp-content\/uploads\/2022\/07\/LUISE-Oktober-2021_bea-1-of-9-100x67.jpg 100w\" sizes=\"auto, 100vw\" \/><\/a><\/figure>\n\n<div class=\"has-text-align-right wp-block-post-date\"><time datetime=\"2025-10-20T17:58:00+02:00\">20. Oktober 2025<\/time><\/div>\n\n\n<div class=\"wp-block-group\"><div class=\"wp-block-group__inner-container is-layout-constrained wp-block-group-is-layout-constrained\"><h2 style=\"font-size:18px;font-style:normal;font-weight:500;\" class=\"wp-block-post-title\"><a href=\"https:\/\/lastenvelomannheim.de\/?p=4722\" target=\"_self\" >Ein Lastenrad in Deinem Stadtbezirk &#8211; Standorte gesucht<\/a><\/h2><\/div><\/div>\n\n\n<div style=\"font-size:15px;\" class=\"wp-block-post-excerpt\"><p class=\"wp-block-post-excerpt__excerpt\">LaMa verleiht seit 2017 Lastenr\u00e4der auf Spendenbasis. Im Jahr 2022 haben wir den Beteiligungshaushalt Mannheim gewonnen und nutzten das Preisgeld f\u00fcr den Kauf von Lastenr\u00e4dern, denn jeder Stadtbezirk in Mannheim soll ein kostenloses Lastenvelo erhalten. 4 neue Stadtbezirke haben zwischen&hellip;<\/p><p class=\"wp-block-post-excerpt__more-text\"><a class=\"wp-block-post-excerpt__more-link\" href=\"https:\/\/lastenvelomannheim.de\/?p=4722\">Weiterlesen<\/a><\/p><\/div>\n\n\n<hr class=\"wp-block-separator aligncenter has-alpha-channel-opacity is-style-wide\"\/>\n<\/div>\n\n<\/li><li class=\"wp-block-post post-12996 post type-post status-publish format-standard has-post-thumbnail hentry category-allgemein\">\n\n<div class=\"wp-block-group is-vertical is-content-justification-left is-layout-flex wp-container-core-group-is-layout-8caf01e3 wp-block-group-is-layout-flex\" style=\"padding-top:30px;padding-right:30px;padding-bottom:30px;padding-left:30px\"><figure style=\"width:300px;height:250px;\" class=\"wp-block-post-featured-image\"><a href=\"https:\/\/lastenvelomannheim.de\/?p=12996\" target=\"_self\"  style=\"height:250px\"><img loading=\"lazy\" decoding=\"async\" width=\"1017\" height=\"482\" src=\"https:\/\/lastenvelomannheim.de\/wp-content\/uploads\/2025\/07\/monnem-bike-2025-header.png\" class=\"attachment-post-thumbnail size-post-thumbnail wp-post-image\" alt=\"Probefahren und Kinderaktionen bei Monnem Bike &#8211; Das Festival\" style=\"height:250px;object-fit:cover;\" srcset=\"https:\/\/lastenvelomannheim.de\/wp-content\/uploads\/2025\/07\/monnem-bike-2025-header.png 1017w, https:\/\/lastenvelomannheim.de\/wp-content\/uploads\/2025\/07\/monnem-bike-2025-header-300x142.png 300w, https:\/\/lastenvelomannheim.de\/wp-content\/uploads\/2025\/07\/monnem-bike-2025-header-768x364.png 768w, https:\/\/lastenvelomannheim.de\/wp-content\/uploads\/2025\/07\/monnem-bike-2025-header-60x28.png 60w, https:\/\/lastenvelomannheim.de\/wp-content\/uploads\/2025\/07\/monnem-bike-2025-header-100x47.png 100w\" sizes=\"auto, 100vw\" \/><\/a><\/figure>\n\n<div class=\"has-text-align-right wp-block-post-date\"><time datetime=\"2025-07-22T22:39:55+02:00\">22. Juli 2025<\/time><\/div>\n\n\n<div class=\"wp-block-group\"><div class=\"wp-block-group__inner-container is-layout-constrained wp-block-group-is-layout-constrained\"><h2 style=\"font-size:18px;font-style:normal;font-weight:500;\" class=\"wp-block-post-title\"><a href=\"https:\/\/lastenvelomannheim.de\/?p=12996\" target=\"_self\" >Probefahren und Kinderaktionen bei Monnem Bike &#8211; Das Festival<\/a><\/h2><\/div><\/div>\n\n\n<div style=\"font-size:15px;\" class=\"wp-block-post-excerpt\"><p class=\"wp-block-post-excerpt__excerpt\">\u201eMONNEM BIKE\u201c ist das gro\u00dfe allj\u00e4hrliche Fahrradfestival in der Stadt, wo alles begann. Denn 1817 erfand Karl Drais in Mannheim den Vorl\u00e4ufer des Fahrrads. Mit neuem Ort und neuen Highlights feiert das Fahrradfestival erstmals auf Spinelli rund um die U-Halle&hellip;<\/p><p class=\"wp-block-post-excerpt__more-text\"><a class=\"wp-block-post-excerpt__more-link\" href=\"https:\/\/lastenvelomannheim.de\/?p=12996\">Weiterlesen<\/a><\/p><\/div>\n\n\n<hr class=\"wp-block-separator aligncenter has-alpha-channel-opacity is-style-wide\"\/>\n<\/div>\n\n<\/li><li class=\"wp-block-post post-12511 post type-post status-publish format-standard has-post-thumbnail hentry category-allgemein\">\n\n<div class=\"wp-block-group is-vertical is-content-justification-left is-layout-flex wp-container-core-group-is-layout-8caf01e3 wp-block-group-is-layout-flex\" style=\"padding-top:30px;padding-right:30px;padding-bottom:30px;padding-left:30px\"><figure style=\"width:300px;height:250px;\" class=\"wp-block-post-featured-image\"><a href=\"https:\/\/lastenvelomannheim.de\/?p=12511\" target=\"_self\"  style=\"height:250px\"><img loading=\"lazy\" decoding=\"async\" width=\"1200\" height=\"805\" src=\"https:\/\/lastenvelomannheim.de\/wp-content\/uploads\/2025\/06\/signal-2025-06-11-094450_002.jpg\" class=\"attachment-post-thumbnail size-post-thumbnail wp-post-image\" alt=\"Radaktionswoche im Mai mit Rollirad und Rikscha verschenkte 42-mal Freude\" style=\"height:250px;object-fit:cover;\" srcset=\"https:\/\/lastenvelomannheim.de\/wp-content\/uploads\/2025\/06\/signal-2025-06-11-094450_002.jpg 1200w, https:\/\/lastenvelomannheim.de\/wp-content\/uploads\/2025\/06\/signal-2025-06-11-094450_002-300x201.jpg 300w, https:\/\/lastenvelomannheim.de\/wp-content\/uploads\/2025\/06\/signal-2025-06-11-094450_002-1024x687.jpg 1024w, https:\/\/lastenvelomannheim.de\/wp-content\/uploads\/2025\/06\/signal-2025-06-11-094450_002-768x515.jpg 768w, https:\/\/lastenvelomannheim.de\/wp-content\/uploads\/2025\/06\/signal-2025-06-11-094450_002-60x40.jpg 60w, https:\/\/lastenvelomannheim.de\/wp-content\/uploads\/2025\/06\/signal-2025-06-11-094450_002-100x67.jpg 100w\" sizes=\"auto, 100vw\" \/><\/a><\/figure>\n\n<div class=\"has-text-align-right wp-block-post-date\"><time datetime=\"2025-05-30T10:58:12+02:00\">30. Mai 2025<\/time><\/div>\n\n\n<div class=\"wp-block-group\"><div class=\"wp-block-group__inner-container is-layout-constrained wp-block-group-is-layout-constrained\"><h2 style=\"font-size:18px;font-style:normal;font-weight:500;\" class=\"wp-block-post-title\"><a href=\"https:\/\/lastenvelomannheim.de\/?p=12511\" target=\"_self\" >Radaktionswoche im Mai mit Rollirad und Rikscha verschenkte 42-mal Freude<\/a><\/h2><\/div><\/div>\n\n\n<div style=\"font-size:15px;\" class=\"wp-block-post-excerpt\"><p class=\"wp-block-post-excerpt__excerpt\">Die Rischka und das Rollstuhltransportrad Billie waren gemeinsam auf Tour. Insgesamt fuhren 42 Personen aus vier Einrichtungen in Mannheim mit 14 freiwilligen RadlerInnen. Daf\u00fcr fanden vorab drei Einweisungstermine statt, in denen neue PilotInnen den &#8220;F\u00fchrerschein&#8221; f\u00fcr Billie und Erika erwarben&hellip;<\/p><p class=\"wp-block-post-excerpt__more-text\"><a class=\"wp-block-post-excerpt__more-link\" href=\"https:\/\/lastenvelomannheim.de\/?p=12511\">Weiterlesen<\/a><\/p><\/div>\n\n\n<hr class=\"wp-block-separator aligncenter has-alpha-channel-opacity is-style-wide\"\/>\n<\/div>\n\n<\/li><\/ul><\/div>\n","protected":false},"excerpt":{"rendered":"","protected":false},"author":2079,"featured_media":0,"parent":0,"menu_order":0,"comment_status":"closed","ping_status":"closed","template":"","meta":{"footnotes":""},"class_list":["post-3561","page","type-page","status-publish","hentry"],"_links":{"self":[{"href":"https:\/\/lastenvelomannheim.de\/index.php?rest_route=\/wp\/v2\/pages\/3561","targetHints":{"allow":["GET"]}}],"collection":[{"href":"https:\/\/lastenvelomannheim.de\/index.php?rest_route=\/wp\/v2\/pages"}],"about":[{"href":"https:\/\/lastenvelomannheim.de\/index.php?rest_route=\/wp\/v2\/types\/page"}],"author":[{"embeddable":true,"href":"https:\/\/lastenvelomannheim.de\/index.php?rest_route=\/wp\/v2\/users\/2079"}],"replies":[{"embeddable":true,"href":"https:\/\/lastenvelomannheim.de\/index.php?rest_route=%2Fwp%2Fv2%2Fcomments&post=3561"}],"version-history":[{"count":12,"href":"https:\/\/lastenvelomannheim.de\/index.php?rest_route=\/wp\/v2\/pages\/3561\/revisions"}],"predecessor-version":[{"id":10713,"href":"https:\/\/lastenvelomannheim.de\/index.php?rest_route=\/wp\/v2\/pages\/3561\/revisions\/10713"}],"wp:attachment":[{"href":"https:\/\/lastenvelomannheim.de\/index.php?rest_route=%2Fwp%2Fv2%2Fmedia&parent=3561"}],"curies":[{"name":"wp","href":"https:\/\/api.w.org\/{rel}","templated":true}]}}