{"id":3300,"date":"2022-06-13T23:34:10","date_gmt":"2022-06-13T21:34:10","guid":{"rendered":"https:\/\/lastenvelomannheim.de\/?page_id=3300"},"modified":"2024-05-11T06:59:04","modified_gmt":"2024-05-11T04:59:04","slug":"barrierefreie-tourentipps-fuer-und-mit-billie","status":"publish","type":"page","link":"https:\/\/lastenvelomannheim.de\/?page_id=3300","title":{"rendered":"Barrierefreie Tourentipps f\u00fcr und mit Billie"},"content":{"rendered":"\n<p>Wir haben f\u00fcr euch mehrere Vorschl\u00e4ge was Ihr mit Billie unternehmen k\u00f6nnt. Dazu findet Ihr im folgenden ein paar Tourenvorschl\u00e4ge die wir f\u00fcr euch erkundet haben.<br>Alle Touren sind barrierefrei und auf den Strecken findet Ihr barrierefreie Toilettenanlagen. <\/p>\n\n\n\n<h3 class=\"wp-block-heading\">Flyer mit barrierefreien Radtouren:<\/h3>\n\n\n\n<figure class=\"wp-block-image size-full\"><a href=\"https:\/\/lastenvelomannheim.de\/wp-content\/uploads\/2022\/12\/Radausfluege-Flyer-Billie-10seiter-barrierefrei-getestet-WEB-1.pdf\"><img loading=\"lazy\" decoding=\"async\" width=\"740\" height=\"250\" src=\"https:\/\/lastenvelomannheim.de\/wp-content\/uploads\/2023\/05\/billie-touren-740x250px.jpg\" alt=\"\" class=\"wp-image-4909\" srcset=\"https:\/\/lastenvelomannheim.de\/wp-content\/uploads\/2023\/05\/billie-touren-740x250px.jpg 740w, https:\/\/lastenvelomannheim.de\/wp-content\/uploads\/2023\/05\/billie-touren-740x250px-300x101.jpg 300w, https:\/\/lastenvelomannheim.de\/wp-content\/uploads\/2023\/05\/billie-touren-740x250px-60x20.jpg 60w, https:\/\/lastenvelomannheim.de\/wp-content\/uploads\/2023\/05\/billie-touren-740x250px-100x34.jpg 100w\" sizes=\"auto, (max-width: 706px) 89vw, (max-width: 767px) 82vw, 740px\" \/><\/a><\/figure>\n\n\n\n<p><a href=\"https:\/\/lastenvelomannheim.de\/wp-content\/uploads\/2022\/12\/Radausfluege-Flyer-Billie-10seiter-barrierefrei-getestet-WEB-1.pdf\"><strong><mark style=\"background-color:rgba(0, 0, 0, 0)\" class=\"has-inline-color has-vivid-cyan-blue-color\"> Flyer mit barrierefreien Tourenvorschl\u00e4gen herunterladen<\/mark><\/strong><\/a><\/p>\n\n\n\n<p>Also dann, legt los und genie\u00dft einen wundersch\u00f6nen Tag mit Sonne, frischer Luft und nat\u00fcrlich Billie!<\/p>\n\n\n\n<div class=\"wp-block-columns is-layout-flex wp-container-core-columns-is-layout-9d6595d7 wp-block-columns-is-layout-flex\">\n<div class=\"wp-block-column is-layout-flow wp-block-column-is-layout-flow\" style=\"flex-basis:66.66%\">\n<h3 class=\"wp-block-heading\" id=\"toureins\"><strong>Tour Nr. 1:<br>Sonne genie\u00dfen am Strandbad nach Rollstuhlkarussell &amp; einer Tour durch den Stadtwald <\/strong><\/h3>\n\n\n\n<p>Vom DRK Quartiersb\u00fcro (Schwetzinger Str. 13, 68165 Mannheim) \u00fcber die&nbsp;<em>Schwetzinger Stra\u00dfe<\/em>&nbsp;zum&nbsp;<em>Kleinfeldsteg<\/em>&nbsp;fahren (Stra\u00dfenbahnschienen beachten und beim Weg auf die Fu\u00dfg\u00e4ngerbr\u00fccke die elektronische Unterst\u00fctzung des Rads genie\u00dfen). Vom Kleinfeldsteg kommend einen Abstecher ins&nbsp;<em>Gl\u00fccksteincarr\u00e9e<\/em>&nbsp;zum Spielplatz und Rollstuhlkarussell machen oder direkt die&nbsp;<em>Landteilstra\u00dfe<\/em>&nbsp;bis hinunter zum Rhein entlangradeln. Die M\u00f6glichkeiten durch den&nbsp;<em>Waldpark zum Strandbad<\/em>&nbsp;zu gelangen sind vielseitig und mit dem Rad gut zu bew\u00e4ltigen. Am Strandbad kann das Rad an den Fahrradstellpl\u00e4tzen geparkt werden. Weiter geht es mit dem Rollstuhl. Das&nbsp;<em>Restaurant Purino<\/em>&nbsp;verf\u00fcgt \u00fcber barrierefreien Zugang und WC. Auf der Terrasse den Ausblick auf den Rhein und vielleicht auch ein Radler genie\u00dfen!<\/p>\n\n\n\n<figure class=\"wp-block-table is-style-stripes\"><table><tbody><tr><td>Distanz<\/td><td class=\"has-text-align-center\" data-align=\"center\">15 km<\/td><\/tr><tr><td>Dauer (reine Fahrzeit)<\/td><td class=\"has-text-align-center\" data-align=\"center\">1,5 Stunden<\/td><\/tr><tr><td>Steigung<\/td><td class=\"has-text-align-center\" data-align=\"center\">flach<\/td><\/tr><tr><td>Bemerkung<\/td><td class=\"has-text-align-center\" data-align=\"center\"><\/td><\/tr><tr><td>Datei f\u00fcr Deine Navigation<\/td><td class=\"has-text-align-center\" data-align=\"center\"><a href=\"https:\/\/lastenvelomannheim.de\/\/wp-content\/uploads\/touren\/2022-06-07_798576940_Lama1.Tour.gpx\">Lama Tour 1.gpx<\/a><br><a href=\"https:\/\/lastenvelomannheim.de\/\/wp-content\/uploads\/touren\/2022-06-07_798576940_Lama1.Tour.kmz\">Lama Tour 1.kmz<\/a><\/td><\/tr><tr><td>Diese Tour bei Komoot<\/td><td class=\"has-text-align-center\" data-align=\"center\"><a href=\"https:\/\/www.komoot.com\/de-de\/tour\/798576940?share_token=azkg2yLF684Fng9eboK5D6BuI1XdGI5rUgnY1vftC9zpud5px0&amp;ref=\">Billie Tour Nr.1<\/a><\/td><\/tr><\/tbody><\/table><\/figure>\n<\/div>\n\n\n\n<div class=\"wp-block-column is-layout-flow wp-block-column-is-layout-flow\" style=\"flex-basis:33.33%\">\n<figure class=\"wp-block-image size-full is-resized\"><img loading=\"lazy\" decoding=\"async\" width=\"200\" height=\"300\" src=\"https:\/\/lastenvelomannheim.de\/wp-content\/uploads\/2022\/06\/IMG_2614.jpg\" alt=\"\" class=\"wp-image-3301\" style=\"width:306px;height:458px\" srcset=\"https:\/\/lastenvelomannheim.de\/wp-content\/uploads\/2022\/06\/IMG_2614.jpg 200w, https:\/\/lastenvelomannheim.de\/wp-content\/uploads\/2022\/06\/IMG_2614-40x60.jpg 40w, https:\/\/lastenvelomannheim.de\/wp-content\/uploads\/2022\/06\/IMG_2614-67x100.jpg 67w\" sizes=\"auto, (max-width: 200px) 100vw, 200px\" \/><\/figure>\n<\/div>\n<\/div>\n\n\n<p><iframe loading=\"lazy\" src=\"https:\/\/www.google.com\/maps\/d\/embed?mid=1JD_zYp17beLTgz8qkY6zBwyOYxFjZ_4&amp;hl=de&amp;ehbc=2E312F\" width=\"1000\" height=\"480\"><\/iframe><\/p>\n\n\n\n<hr class=\"wp-block-separator has-alpha-channel-opacity is-style-dots\" id=\"tourzwei\"\/>\n\n\n\n<div class=\"wp-block-columns is-layout-flex wp-container-core-columns-is-layout-9d6595d7 wp-block-columns-is-layout-flex\">\n<div class=\"wp-block-column is-layout-flow wp-block-column-is-layout-flow\" style=\"flex-basis:66.66%\">\n<h3 class=\"wp-block-heading\"><strong>Tour Nr. 2:<br>alla hopp! Anlage in Seckenheim &amp; dann ein leckeres Eis<\/strong><\/h3>\n\n\n\n<p>Vom DRK Quartiersb\u00fcro&nbsp;<em>links auf die Schwetzinger Stra\u00dfe&nbsp;<\/em>einbiegen (Stra\u00dfenbahnschienen beachten). \u00dcber die&nbsp;<em>Traitteurstra\u00dfe<\/em>&nbsp;geradeaus der<em>&nbsp;Otto-Beck-Stra\u00dfe&nbsp;<\/em>bis zum Neckar folgen. Der Radweg am Neckar Richtung Heidelberg ist eben und sch\u00f6n. Vor der Br\u00fccke in Mannheim-Seckenheim \u00fcber den Platz am Rathaus auf die Br\u00fccke und zur alla hopp!-Anlage radeln. Eine Fahrt im Familienkarussell, in der tiefen Netzschaukel dem Himmel n\u00e4her kommen und vieles mehr entdecken. Es gibt auch ein barrierefreies WC mit Wickeltisch. Ein leckeres Eis gibt es ganz in der N\u00e4he: Eisdiele Leone.<\/p>\n\n\n\n<figure class=\"wp-block-table is-style-stripes\"><table><tbody><tr><td>Distanz<\/td><td class=\"has-text-align-center\" data-align=\"center\">19 km<\/td><\/tr><tr><td>Dauer (reine Fahrzeit)<\/td><td class=\"has-text-align-center\" data-align=\"center\">1,5 Stunden<\/td><\/tr><tr><td>Steigung<\/td><td class=\"has-text-align-center\" data-align=\"center\">flach<\/td><\/tr><tr><td>Bemerkung<\/td><td class=\"has-text-align-center\" data-align=\"center\"><\/td><\/tr><tr><td>Datei f\u00fcr Deine Navigation<\/td><td class=\"has-text-align-center\" data-align=\"center\"><a href=\"https:\/\/lastenvelomannheim.de\/\/wp-content\/uploads\/touren\/2022-06-13_806329225_Lama2.Tour.gpx\">Lama Tour 2.gpx<\/a><br><a href=\"https:\/\/lastenvelomannheim.de\/\/wp-content\/uploads\/touren\/2022-06-13_806329225_Lama2.Tour.kmz\">Lama Tour 2.kmz<\/a><\/td><\/tr><tr><td>Diese Tour bei Komoot<\/td><td class=\"has-text-align-center\" data-align=\"center\"><a href=\"https:\/\/www.komoot.com\/de-de\/tour\/806329225?share_token=aM9m0zobsnHcTEn25rzRdzApC6agvh9HhtPtSjHEPUGcFcRhCy&amp;ref=\">Billie Tour Nr.2<\/a><\/td><\/tr><\/tbody><\/table><\/figure>\n<\/div>\n\n\n\n<div class=\"wp-block-column is-layout-flow wp-block-column-is-layout-flow\" style=\"flex-basis:33.33%\">\n<figure class=\"wp-block-image size-full is-resized\"><img loading=\"lazy\" decoding=\"async\" width=\"200\" height=\"300\" src=\"https:\/\/lastenvelomannheim.de\/wp-content\/uploads\/2022\/06\/IMG_2706.jpg\" alt=\"\" class=\"wp-image-3302\" style=\"width:319px;height:478px\" srcset=\"https:\/\/lastenvelomannheim.de\/wp-content\/uploads\/2022\/06\/IMG_2706.jpg 200w, https:\/\/lastenvelomannheim.de\/wp-content\/uploads\/2022\/06\/IMG_2706-40x60.jpg 40w, https:\/\/lastenvelomannheim.de\/wp-content\/uploads\/2022\/06\/IMG_2706-67x100.jpg 67w\" sizes=\"auto, (max-width: 200px) 100vw, 200px\" \/><\/figure>\n<\/div>\n<\/div>\n\n\n<p><iframe loading=\"lazy\" src=\"https:\/\/www.google.com\/maps\/d\/embed?mid=1rXJVwgJM8To_XpUBxPtJmV0zGx4y1qM&amp;ehbc=2E312F\" width=\"1000\" height=\"480\"><\/iframe><\/p>\n\n\n\n<hr class=\"wp-block-separator has-alpha-channel-opacity is-style-dots\" id=\"tourdrei\"\/>\n\n\n\n<div class=\"wp-block-columns is-layout-flex wp-container-core-columns-is-layout-9d6595d7 wp-block-columns-is-layout-flex\">\n<div class=\"wp-block-column is-layout-flow wp-block-column-is-layout-flow\" style=\"flex-basis:66.66%\">\n<h3 class=\"wp-block-heading\"><strong>Tour Nr. 3 <\/strong><br><strong>Industrieromantik entlang des Vater Rheins<\/strong><\/h3>\n\n\n\n<p>Vom DRK Quartiersb\u00fcro&nbsp;<em>links auf die Schwetzinger Stra\u00dfe&nbsp;<\/em>einbiegen (Stra\u00dfenbahnschienen beachten). \u00dcber die&nbsp;<em>Traitteurstra\u00dfe<\/em>&nbsp;rechts der Seckenheimer Stra\u00dfe folgen. \u00dcber Werderstrasse, Augusta Anlage und Rosengarten schl\u00e4ngeln wir uns \u00fcber die  Friedrich Ebert Br\u00fccke auf das Nordufer des Neckars. Der Radweg am Neckar Richtung Osten ist breit und angenehm zu fahren. Dann kurz die Schleuse umfahren und dann geht es auch schon weiter am Rhein bis kurz vor Sandhofen. Hier wird kurz mit der F\u00e4hre \u00fcbergesetzt und dann kann man schon fast die Pizza riechen die die Pizzeria am Stich serviert. Hier findet Ihr auch das barrierefreie WC.<br>Aber auch f\u00fcr Eis ist gesorgt, die Fontanelle ist nicht weit!<\/p>\n\n\n\n<figure class=\"wp-block-table is-style-stripes\"><table><tbody><tr><td>Distanz<\/td><td class=\"has-text-align-center\" data-align=\"center\">23 km<\/td><\/tr><tr><td>Dauer (reine Fahrzeit)<\/td><td class=\"has-text-align-center\" data-align=\"center\">2 Stunden<\/td><\/tr><tr><td>Steigung<\/td><td class=\"has-text-align-center\" data-align=\"center\">flach<\/td><\/tr><tr><td>Bemerkung<\/td><td class=\"has-text-align-center\" data-align=\"center\"><\/td><\/tr><tr><td>Datei f\u00fcr Deine Navigation<\/td><td class=\"has-text-align-center\" data-align=\"center\"><a href=\"https:\/\/lastenvelomannheim.de\/\/wp-content\/uploads\/touren\/2022-06-11_803519845_Lama3.Tour.gpx\">Lama Tour 3.gpx<\/a><br><a href=\"https:\/\/lastenvelomannheim.de\/\/wp-content\/uploads\/touren\/2022-06-11_803519845_Lama3.Tour.kmz\">Lama Tour 3.kmz<\/a><\/td><\/tr><tr><td>Diese Tour bei Komoot<\/td><td class=\"has-text-align-center\" data-align=\"center\"><a href=\"https:\/\/www.komoot.com\/de-de\/tour\/806317761?share_token=awqdw8HXNf6F381xekDUD6WFkEbpw4HMeLDfN2jzqjigAxJrdQ&amp;ref=\">Billie Tour Nr.3<\/a><\/td><\/tr><\/tbody><\/table><\/figure>\n<\/div>\n\n\n\n<div class=\"wp-block-column is-layout-flow wp-block-column-is-layout-flow\" style=\"flex-basis:33.33%\">\n<figure class=\"wp-block-image size-full is-resized\"><img loading=\"lazy\" decoding=\"async\" width=\"199\" height=\"300\" src=\"https:\/\/lastenvelomannheim.de\/wp-content\/uploads\/2022\/06\/IMG_2686.jpg\" alt=\"\" class=\"wp-image-3303\" style=\"width:336px;height:507px\" srcset=\"https:\/\/lastenvelomannheim.de\/wp-content\/uploads\/2022\/06\/IMG_2686.jpg 199w, https:\/\/lastenvelomannheim.de\/wp-content\/uploads\/2022\/06\/IMG_2686-40x60.jpg 40w, https:\/\/lastenvelomannheim.de\/wp-content\/uploads\/2022\/06\/IMG_2686-66x100.jpg 66w\" sizes=\"auto, (max-width: 199px) 100vw, 199px\" \/><\/figure>\n<\/div>\n<\/div>\n\n\n<p><iframe loading=\"lazy\" src=\"https:\/\/www.google.com\/maps\/d\/embed?mid=1FS3tA98d3REa0NmBVoyT3DP1TDp7VT4&amp;ehbc=2E312F\" width=\"1000\" height=\"480\"><\/iframe><\/p>\n\n\n\n<p class=\"has-text-align-right\"><br><a href=\"https:\/\/billie.lastenvelomannheim.de\" data-type=\"URL\">Zur\u00fcck<\/a><\/p>\n","protected":false},"excerpt":{"rendered":"<p>Wir haben f\u00fcr euch mehrere Vorschl\u00e4ge was Ihr mit Billie unternehmen k\u00f6nnt. Dazu findet Ihr im folgenden ein paar Tourenvorschl\u00e4ge die wir f\u00fcr euch erkundet haben.Alle Touren sind barrierefrei und auf den Strecken findet Ihr barrierefreie Toilettenanlagen. Flyer mit barrierefreien Radtouren: Flyer mit barrierefreien Tourenvorschl\u00e4gen herunterladen Also dann, legt los und genie\u00dft einen wundersch\u00f6nen Tag &hellip; <\/p>\n<p class=\"link-more\"><a href=\"https:\/\/lastenvelomannheim.de\/?page_id=3300\" class=\"more-link\"><span class=\"screen-reader-text\">\u201eBarrierefreie Tourentipps f\u00fcr und mit Billie\u201c <\/span>weiterlesen<\/a><\/p>\n","protected":false},"author":2079,"featured_media":3304,"parent":0,"menu_order":0,"comment_status":"closed","ping_status":"closed","template":"","meta":{"footnotes":""},"class_list":["post-3300","page","type-page","status-publish","has-post-thumbnail","hentry"],"_links":{"self":[{"href":"https:\/\/lastenvelomannheim.de\/index.php?rest_route=\/wp\/v2\/pages\/3300","targetHints":{"allow":["GET"]}}],"collection":[{"href":"https:\/\/lastenvelomannheim.de\/index.php?rest_route=\/wp\/v2\/pages"}],"about":[{"href":"https:\/\/lastenvelomannheim.de\/index.php?rest_route=\/wp\/v2\/types\/page"}],"author":[{"embeddable":true,"href":"https:\/\/lastenvelomannheim.de\/index.php?rest_route=\/wp\/v2\/users\/2079"}],"replies":[{"embeddable":true,"href":"https:\/\/lastenvelomannheim.de\/index.php?rest_route=%2Fwp%2Fv2%2Fcomments&post=3300"}],"version-history":[{"count":25,"href":"https:\/\/lastenvelomannheim.de\/index.php?rest_route=\/wp\/v2\/pages\/3300\/revisions"}],"predecessor-version":[{"id":7236,"href":"https:\/\/lastenvelomannheim.de\/index.php?rest_route=\/wp\/v2\/pages\/3300\/revisions\/7236"}],"wp:featuredmedia":[{"embeddable":true,"href":"https:\/\/lastenvelomannheim.de\/index.php?rest_route=\/wp\/v2\/media\/3304"}],"wp:attachment":[{"href":"https:\/\/lastenvelomannheim.de\/index.php?rest_route=%2Fwp%2Fv2%2Fmedia&parent=3300"}],"curies":[{"name":"wp","href":"https:\/\/api.w.org\/{rel}","templated":true}]}}