{"id":27,"date":"2017-09-22T12:04:17","date_gmt":"2017-09-22T10:04:17","guid":{"rendered":"https:\/\/lastenvelomannheim.de\/?page_id=27"},"modified":"2025-05-02T09:16:26","modified_gmt":"2025-05-02T07:16:26","slug":"artikel","status":"publish","type":"page","link":"https:\/\/lastenvelomannheim.de\/?page_id=27","title":{"rendered":"Lastenrad reservieren"},"content":{"rendered":"\n<p>Hier findest du alle Lastenr\u00e4der in und um Mannheim herum. Unser Rollstuhlfahrrad <a href=\"https:\/\/lastenvelomannheim.de\/?cb_item=billie\" data-type=\"cb_item\" data-id=\"2399\"><strong><mark style=\"background-color:rgba(0, 0, 0, 0)\" class=\"has-inline-color has-vivid-cyan-blue-color\">Billie <\/mark><\/strong><\/a>und die Fahrradrikscha <a href=\"https:\/\/lastenvelomannheim.de\/?cb_item=erika\" data-type=\"cb_item\" data-id=\"7265\"><mark style=\"background-color:rgba(0, 0, 0, 0)\" class=\"has-inline-color has-vivid-cyan-blue-color\"><strong>ERika <\/strong><\/mark><\/a>wird als buchbar angezeigt, wenn du bei uns einen F\u00fchrerschein gemacht hast und auf unserer Webseite angemeldet bist.<\/p>\n\n\n\n<details class=\"wp-block-details is-layout-flow wp-block-details-is-layout-flow\"><summary>Radverf\u00fcgbarkeit als Liste anzeigen<\/summary>\n<p><\/p>\n\n\n<div class=\"cb-wrapper cb-shortcode-items_table template-shortcode-items_table post-page no-post-thumbnail\"><div class=\"cb-table-scroll\"><table class='cb-items-table tablesorter'><colgroup><col><col><col> <col> <col> <col> <col class=\"bg_we\"> <col> <col> <col> <col> <col> <col> <col class=\"bg_we\"> <col> <col> <col><\/colgroup><thead><tr><td colspan='2' class='sortless'><\/td><th class='sortless' colspan='2'>Apr.<\/th><th class='sortless' colspan='13'>Mai<\/th><\/tr><tr><th>Artikel<\/th><th>Standort<th class='cal sortless'>29<\/th><th class='cal sortless'>30<\/th><th class='cal sortless'>01<\/th><th class='cal sortless'>02<\/th><th class='cal sortless'>03<\/th><th class='cal sortless'>04<\/th><th class='cal sortless'>05<\/th><th class='cal sortless'>06<\/th><th class='cal sortless'>07<\/th><th class='cal sortless'>08<\/th><th class='cal sortless'>09<\/th><th class='cal sortless'>10<\/th><th class='cal sortless'>11<\/th><th class='cal sortless'>12<\/th><th class='cal sortless'>13<\/th><\/tr><\/thead><tbody> <tr><td><b><a href='https:\/\/lastenvelomannheim.de\/?cb_item=bahman&cb-location=14745'>#Bahman<\/a><\/b><\/td><td><div data-title=\"Biria Bike Center (Lindenhof)\">Biria Bike Center (Lindenhof)<\/div><\/td><td><span class='is-booked'><\/span><\/td><td><span class='is-booked'><\/span><\/td><td><span class='is-holiday'><\/span><\/td><td><span><\/span><\/td><td><span class='is-locked'><\/span><\/td><td><span><\/span><\/td><td><span><\/span><\/td><td><span><\/span><\/td><td><span><\/span><\/td><td><span><\/span><\/td><td><span><\/span><\/td><td><span class='is-locked'><\/span><\/td><td><span><\/span><\/td><td><span><\/span><\/td><td><span><\/span><\/td><\/tr> <tr><td><b><a href='https:\/\/lastenvelomannheim.de\/?cb_item=ben&cb-location=3378'>#Ben<\/a><\/b><\/td><td><div data-title=\"Priska's Unverpackt (Schwetzingerstadt)\">Priska's Unverpackt (Schwetzingerstadt)<\/div><\/td><td><span class='is-booked'><\/span><\/td><td><span class='is-partially-booked-end'><\/span><\/td><td><span class='is-holiday'><\/span><\/td><td><span><\/span><\/td><td><span class='is-locked'><\/span><\/td><td><span class='is-locked'><\/span><\/td><td><span><\/span><\/td><td><span><\/span><\/td><td><span><\/span><\/td><td><span><\/span><\/td><td><span><\/span><\/td><td><span class='is-locked'><\/span><\/td><td><span class='is-locked'><\/span><\/td><td><span><\/span><\/td><td><span><\/span><\/td><\/tr> <tr><td><b><a href='https:\/\/lastenvelomannheim.de\/?cb_item=bruno&cb-location=585'>#Bruno<\/a><\/b><\/td><td><div data-title=\"RobinKruso (Jungbusch)\">RobinKruso (Jungbusch)<\/div><\/td><td><span class='is-booked'><\/span><\/td><td><span class='is-booked'><\/span><\/td><td><span class='is-booked'><\/span><\/td><td><span class='is-booked'><\/span><\/td><td><span class='is-locked'><\/span><\/td><td><span><\/span><\/td><td><span><\/span><\/td><td><span><\/span><\/td><td><span><\/span><\/td><td><span class='is-booked'><\/span><\/td><td><span class='is-booked'><\/span><\/td><td><span class='is-booked'><\/span><\/td><td><span class='is-booked'><\/span><\/td><td><span><\/span><\/td><td><span><\/span><\/td><\/tr> <tr><td><b><a href='https:\/\/lastenvelomannheim.de\/?cb_item=didi&cb-location=11149'>#Didi<\/a><\/b><\/td><td><div data-title=\"Jochen Rieder Hairstyling (Neuhermsheim)\">Jochen Rieder Hairstyling (Neuhermsheim)<\/div><\/td><td><span class='is-booked'><\/span><\/td><td><span class='is-booked'><\/span><\/td><td><span class='is-holiday'><\/span><\/td><td><span class='is-booked'><\/span><\/td><td><span class='is-booked'><\/span><\/td><td><span class='is-booked'><\/span><\/td><td><span class='is-booked'><\/span><\/td><td><span class='is-booked'><\/span><\/td><td><span class='is-booked'><\/span><\/td><td><span class='is-booked'><\/span><\/td><td><span class='is-booked'><\/span><\/td><td><span class='is-locked'><\/span><\/td><td><span class='is-locked'><\/span><\/td><td><span><\/span><\/td><td><span><\/span><\/td><\/tr> <tr><td><b><a href='https:\/\/lastenvelomannheim.de\/?cb_item=rudi&cb-location=3134'>#Eddy<\/a><\/b><\/td><td><div data-title=\"Butteralm am Bunker (Sch\u00f6nau)\">Butteralm am Bunker (Sch\u00f6nau)<\/div><\/td><td><span><\/span><\/td><td><span class='is-booked'><\/span><\/td><td><span class='is-booked'><\/span><\/td><td><span class='is-booked'><\/span><\/td><td><span class='is-locked'><\/span><\/td><td><span><\/span><\/td><td><span><\/span><\/td><td><span><\/span><\/td><td><span><\/span><\/td><td><span><\/span><\/td><td><span><\/span><\/td><td><span class='is-locked'><\/span><\/td><td><span><\/span><\/td><td><span><\/span><\/td><td><span><\/span><\/td><\/tr> <tr><td><b><a href='https:\/\/lastenvelomannheim.de\/?cb_item=edith&cb-location=7345'>#EDith<\/a><\/b><\/td><td><div data-title=\"Rainers Gartenparadies (Edingen)\">Rainers Gartenparadies (Edingen)<\/div><\/td><td><span><\/span><\/td><td><span><\/span><\/td><td><span class='is-holiday'><\/span><\/td><td><span><\/span><\/td><td><span class='is-locked'><\/span><\/td><td><span><\/span><\/td><td><span><\/span><\/td><td><span><\/span><\/td><td><span><\/span><\/td><td><span><\/span><\/td><td><span class='is-booked'><\/span><\/td><td><span class='is-booked'><\/span><\/td><td><span class='is-booked'><\/span><\/td><td><span class='is-booked'><\/span><\/td><td><span><\/span><\/td><\/tr> <tr><td><b><a href='https:\/\/lastenvelomannheim.de\/?cb_item=hedda&cb-location=11278'>#Hedda<\/a><\/b><\/td><td><div data-title=\"Markthaus (Friedrichsfeld)\">Markthaus (Friedrichsfeld)<\/div><\/td><td><span class='is-booked'><\/span><\/td><td><span class='is-booked'><\/span><\/td><td><span class='is-booked'><\/span><\/td><td><span class='is-booked'><\/span><\/td><td><span class='is-booked'><\/span><\/td><td><span class='is-booked'><\/span><\/td><td><span><\/span><\/td><td><span><\/span><\/td><td><span><\/span><\/td><td><span><\/span><\/td><td><span><\/span><\/td><td><span class='is-locked'><\/span><\/td><td><span><\/span><\/td><td><span><\/span><\/td><td><span><\/span><\/td><\/tr> <tr><td><b><a href='https:\/\/lastenvelomannheim.de\/?cb_item=helene&cb-location=7227'>#Helene<\/a><\/b><\/td><td><div data-title=\"Apotheke Spinelli\">Apotheke Spinelli<\/div><\/td><td><span class='is-booked'><\/span><\/td><td><span class='is-partially-booked-start'><\/span><\/td><td><span class='is-booked'><\/span><\/td><td><span class='is-partially-booked-end'><\/span><\/td><td><span class='is-locked'><\/span><\/td><td><span><\/span><\/td><td><span><\/span><\/td><td><span><\/span><\/td><td><span><\/span><\/td><td><span><\/span><\/td><td><span class='is-booked'><\/span><\/td><td><span class='is-booked'><\/span><\/td><td><span class='is-booked'><\/span><\/td><td><span class='is-booked'><\/span><\/td><td><span class='is-booked'><\/span><\/td><\/tr> <tr><td><b><a href='https:\/\/lastenvelomannheim.de\/?cb_item=hilde&cb-location=15683'>#Hilde<\/a><\/b><\/td><td><div data-title=\"Boulderhaus Mannheim (Franklin)\">Boulderhaus Mannheim (Franklin)<\/div><\/td><td><span class='is-booked'><\/span><\/td><td><span><\/span><\/td><td><span><\/span><\/td><td><span><\/span><\/td><td><span><\/span><\/td><td><span><\/span><\/td><td><span><\/span><\/td><td><span><\/span><\/td><td><span><\/span><\/td><td><span><\/span><\/td><td><span><\/span><\/td><td><span><\/span><\/td><td><span><\/span><\/td><td><span><\/span><\/td><td><span><\/span><\/td><\/tr> <tr><td><b><a href='https:\/\/lastenvelomannheim.de\/?cb_item=lecka-lama&cb-location=581'>#Lecka LaMa<\/a><\/b><\/td><td><div data-title=\"denn's Biomarkt (Neckarau)\">denn's Biomarkt (Neckarau)<\/div><\/td><td><span><\/span><\/td><td><span class='is-booked'><\/span><\/td><td><span class='is-holiday'><\/span><\/td><td><span><\/span><\/td><td><span class='is-locked'><\/span><\/td><td><span><\/span><\/td><td><span><\/span><\/td><td><span><\/span><\/td><td><span><\/span><\/td><td><span><\/span><\/td><td><span><\/span><\/td><td><span class='is-locked'><\/span><\/td><td><span><\/span><\/td><td><span><\/span><\/td><td><span><\/span><\/td><\/tr> <tr><td><b><a href='https:\/\/lastenvelomannheim.de\/?cb_item=luise&cb-location=3541'>#LUise<\/a><\/b><\/td><td><div data-title=\"Quartiersb\u00fcro Dichterviertel (LU-S\u00fcd)\">Quartiersb\u00fcro Dichterviertel (LU-S\u00fcd)<\/div><\/td><td><span class='is-booked'><\/span><\/td><td><span class='is-booked'><\/span><\/td><td><span class='is-booked'><\/span><\/td><td><span class='is-booked'><\/span><\/td><td><span class='is-booked'><\/span><\/td><td><span class='is-booked'><\/span><\/td><td><span><\/span><\/td><td><span><\/span><\/td><td><span><\/span><\/td><td><span class='is-locked'><\/span><\/td><td><span class='is-locked'><\/span><\/td><td><span class='is-locked'><\/span><\/td><td><span><\/span><\/td><td><span><\/span><\/td><td><span><\/span><\/td><\/tr> <tr><td><b><a href='https:\/\/lastenvelomannheim.de\/?cb_item=maria&cb-location=6232'>#Maria<\/a><\/b><\/td><td><div data-title=\"Markthaus (Wallstadt)\">Markthaus (Wallstadt)<\/div><\/td><td><span><\/span><\/td><td><span class='is-partially-booked-start'><\/span><\/td><td><span class='is-booked'><\/span><\/td><td><span class='is-partially-booked-end'><\/span><\/td><td><span class='is-locked'><\/span><\/td><td><span><\/span><\/td><td><span><\/span><\/td><td><span><\/span><\/td><td><span><\/span><\/td><td><span><\/span><\/td><td><span><\/span><\/td><td><span class='is-locked'><\/span><\/td><td><span><\/span><\/td><td><span><\/span><\/td><td><span><\/span><\/td><\/tr> <tr><td><b><a href='https:\/\/lastenvelomannheim.de\/?cb_item=marianne&cb-location=15997'>#Marianne<\/a><\/b><\/td><td><div data-title=\"Jugendzentrum Nachbarschaftshaus Rheinau\">Jugendzentrum Nachbarschaftshaus Rheinau<\/div><\/td><td><span><\/span><\/td><td><span><\/span><\/td><td><span class='is-holiday'><\/span><\/td><td><span class='is-locked'><\/span><\/td><td><span class='is-locked'><\/span><\/td><td><span><\/span><\/td><td><span><\/span><\/td><td><span><\/span><\/td><td><span><\/span><\/td><td><span><\/span><\/td><td><span class='is-locked'><\/span><\/td><td><span class='is-locked'><\/span><\/td><td><span><\/span><\/td><td><span><\/span><\/td><td><span><\/span><\/td><\/tr> <tr><td><b><a href='https:\/\/lastenvelomannheim.de\/?cb_item=miriam&cb-location=10367'>#Miriam<\/a><\/b><\/td><td><div data-title=\"Mal anders Reisen (Sandhofen)\">Mal anders Reisen (Sandhofen)<\/div><\/td><td><span><\/span><\/td><td><span><\/span><\/td><td><span class='is-holiday'><\/span><\/td><td><span><\/span><\/td><td><span class='is-locked'><\/span><\/td><td><span><\/span><\/td><td><span><\/span><\/td><td><span><\/span><\/td><td><span><\/span><\/td><td><span><\/span><\/td><td><span><\/span><\/td><td><span class='is-locked'><\/span><\/td><td><span><\/span><\/td><td><span><\/span><\/td><td><span><\/span><\/td><\/tr> <tr><td><b><a href='https:\/\/lastenvelomannheim.de\/?cb_item=lama-no10-comming-soon&cb-location=4123'>#Rudi<\/a><\/b><\/td><td><div data-title=\"Connys Schatzkiste (Feudenheim)\">Connys Schatzkiste (Feudenheim)<\/div><\/td><td><span class='is-booked'><\/span><\/td><td><span class='is-booked'><\/span><\/td><td><span class='is-holiday'><\/span><\/td><td><span><\/span><\/td><td><span><\/span><\/td><td><span><\/span><\/td><td><span><\/span><\/td><td><span><\/span><\/td><td><span><\/span><\/td><td><span><\/span><\/td><td><span><\/span><\/td><td><span><\/span><\/td><td><span><\/span><\/td><td><span><\/span><\/td><td><span><\/span><\/td><\/tr> <tr><td><b><a href='https:\/\/lastenvelomannheim.de\/?cb_item=comming-soon-das-fuenfte&cb-location=1484'>#Tillie<\/a><\/b><\/td><td><div data-title=\"D\u00fcrkheimer Str. 58 (K\u00e4fertal)\">D\u00fcrkheimer Str. 58 (K\u00e4fertal)<\/div><\/td><td><span class='is-booked'><\/span><\/td><td><span><\/span><\/td><td><span class='is-booked'><\/span><\/td><td><span class='is-booked'><\/span><\/td><td><span class='is-booked'><\/span><\/td><td><span><\/span><\/td><td><span><\/span><\/td><td><span><\/span><\/td><td><span><\/span><\/td><td><span><\/span><\/td><td><span><\/span><\/td><td><span><\/span><\/td><td><span><\/span><\/td><td><span><\/span><\/td><td><span><\/span><\/td><\/tr> <tr><td><b><a href='https:\/\/lastenvelomannheim.de\/?cb_item=willi&cb-location=8357'>#Willi<\/a><\/b><\/td><td><div data-title=\"Ilvesheim nahe Mehrzweckhalle\">Ilvesheim nahe Mehrzweckhalle<\/div><\/td><td><span class='is-booked'><\/span><\/td><td><span class='is-booked'><\/span><\/td><td><span class='is-holiday'><\/span><\/td><td><span class='is-locked'><\/span><\/td><td><span class='is-locked'><\/span><\/td><td><span><\/span><\/td><td><span><\/span><\/td><td><span><\/span><\/td><td><span><\/span><\/td><td><span><\/span><\/td><td><span class='is-locked'><\/span><\/td><td><span class='is-locked'><\/span><\/td><td><span><\/span><\/td><td><span><\/span><\/td><td><span><\/span><\/td><\/tr><\/tbody><\/table><\/div>\n<div id=\"cb-table-footnote\">\n\t<div class=\"cb-wrapper cb-calendar-key template-calendar-key post-page no-post-thumbnail\"><div id=\"cb-colorkey-legend\">\n\t<strong>Farblegende:<\/strong><br>\n\t<div class=\"colorkey-square colorkey-accept\"><\/div> buchbar | \n\t<div class=\"colorkey-square colorkey-cancel\"><\/div> gebucht \/ gesperrt  | \n\t<div class=\"colorkey-square colorkey-holiday\"><\/div> Standort geschlossen  | \n\t<div class=\"colorkey-square colorkey-greyedout\"><\/div> nicht buchbar <br>\n<\/div><\/div><\/div>\n<\/div>\n<\/details>\n\n\n\n<div style=\"height:10px\" aria-hidden=\"true\" class=\"wp-block-spacer\"><\/div>\n\n\n\n<details class=\"wp-block-details is-layout-flow wp-block-details-is-layout-flow\"><summary>Karte aller R\u00e4der anzeigen<\/summary>\n<p><\/p>\n\n\n<div><script>(function (el) {\n\t\t\tdocument.addEventListener('DOMContentLoaded', function() {\n\t            const config = CommonsSearch.parseLegacyConfig({\"custom_marker_icon\":null,\"item_draft_marker_icon\":null,\"preferred_status_marker_icon\":\"publish\",\"filter_cb_item_categories\":[{\"name\":\"\",\"elements\":[{\"cat_id\":11,\"markup\":\"Rollstuhlrad\"},{\"cat_id\":34,\"markup\":\"3 R\\u00e4der\"},{\"cat_id\":33,\"markup\":\"2 R\\u00e4der\"},{\"cat_id\":31,\"markup\":\"Mit Motor\"},{\"cat_id\":35,\"markup\":\"Gro\\u00dfe Lasten\"},{\"cat_id\":32,\"markup\":\"Ohne Motor\"}],\"isExclusive\":false}],\"filter_availability\":{\"date_min\":\"2026-04-29\",\"date_max\":\"2026-05-10\",\"day_count_max\":\"14\"},\"cb_map_id\":1975,\"locale\":\"de-DE\",\"asset_path\":\"https:\\\/\\\/lastenvelomannheim.de\\\/wp-content\\\/plugins\\\/commonsbooking\\\/assets\\\/map\\\/\",\"base_map\":1,\"zoom_min\":8,\"zoom_max\":19,\"zoom_start\":8,\"lat_start\":53.4933300000000002683009370230138301849365234375,\"lon_start\":13.589330000000000353566065314225852489471435546875,\"max_cluster_radius\":10,\"label_location_distance_filter\":\"\",\"label_item_availability_filter\":\"\",\"label_item_category_filter\":\"\",\"show_scale\":true,\"scrollWheelZoom\":true,\"marker_map_bounds_initial\":true,\"marker_map_bounds_filter\":true,\"marker_tooltip_permanent\":false,\"show_location_contact\":false,\"show_location_opening_hours\":false,\"show_item_availability\":true,\"show_location_distance_filter\":false,\"show_item_availability_filter\":false});\n\t\t\t\tconst api = CommonsSearch.createAdminAjaxAPI({\n\t                url: \"https:\\\/\\\/lastenvelomannheim.de\\\/wp-admin\\\/admin-ajax.php\",\n\t                nonce: \"9be0c83475\",\n\t                mapId: 1975,\n\t            }, config);\n\t            if (!window.__CB_SEARCH_DATA) window.__CB_SEARCH_DATA = {};\n\t            window.__CB_SEARCH_DATA[1975] = { config, api };\n\t            const userConfig = {};\n\t            CommonsSearch.init(el, api, CommonsSearch.mergeConfigs(config, { layout: {\"types\":[\"MapWithAutoSidebar\"],\"options\":[]}, ...userConfig }));\n\t\t\t});\n        })(document.currentScript.parentElement)<\/script><\/div>\n\n\n\n<div style=\"height:20px\" aria-hidden=\"true\" class=\"wp-block-spacer\"><\/div>\n<\/details>\n\n\n\n<div style=\"height:20px\" aria-hidden=\"true\" class=\"wp-block-spacer\"><\/div>\n\n\n<div><script>(function (el) {\n\t\t\tdocument.addEventListener('DOMContentLoaded', function() {\n\t            const config = CommonsSearch.parseLegacyConfig({\"custom_marker_icon\":null,\"item_draft_marker_icon\":null,\"preferred_status_marker_icon\":\"publish\",\"filter_cb_item_categories\":[{\"name\":\"\",\"elements\":[{\"cat_id\":11,\"markup\":\"Rollstuhlrad\"},{\"cat_id\":34,\"markup\":\"3 R\\u00e4der\"},{\"cat_id\":33,\"markup\":\"2 R\\u00e4der\"},{\"cat_id\":31,\"markup\":\"Mit Motor\"},{\"cat_id\":35,\"markup\":\"Gro\\u00dfe Lasten\"},{\"cat_id\":32,\"markup\":\"Ohne Motor\"}],\"isExclusive\":false}],\"filter_availability\":{\"date_min\":\"2026-04-29\",\"date_max\":\"2026-05-10\",\"day_count_max\":\"14\"},\"cb_map_id\":1975,\"locale\":\"de-DE\",\"asset_path\":\"https:\\\/\\\/lastenvelomannheim.de\\\/wp-content\\\/plugins\\\/commonsbooking\\\/assets\\\/map\\\/\",\"base_map\":1,\"zoom_min\":8,\"zoom_max\":19,\"zoom_start\":8,\"lat_start\":53.4933300000000002683009370230138301849365234375,\"lon_start\":13.589330000000000353566065314225852489471435546875,\"max_cluster_radius\":10,\"label_location_distance_filter\":\"\",\"label_item_availability_filter\":\"\",\"label_item_category_filter\":\"\",\"show_scale\":true,\"scrollWheelZoom\":true,\"marker_map_bounds_initial\":true,\"marker_map_bounds_filter\":true,\"marker_tooltip_permanent\":false,\"show_location_contact\":false,\"show_location_opening_hours\":false,\"show_item_availability\":true,\"show_location_distance_filter\":false,\"show_item_availability_filter\":false});\n\t\t\t\tconst api = CommonsSearch.createAdminAjaxAPI({\n\t                url: \"https:\\\/\\\/lastenvelomannheim.de\\\/wp-admin\\\/admin-ajax.php\",\n\t                nonce: \"9be0c83475\",\n\t                mapId: 1975,\n\t            }, config);\n\t            if (!window.__CB_SEARCH_DATA) window.__CB_SEARCH_DATA = {};\n\t            window.__CB_SEARCH_DATA[1975] = { config, api };\n\t            const userConfig = {};\n\t            CommonsSearch.init(el, api, CommonsSearch.mergeConfigs(config, { layout: {\"types\":[\"Filter\",\"List\"],\"options\":[\"filter-expanded\"]}, ...userConfig }));\n\t\t\t});\n        })(document.currentScript.parentElement)<\/script><\/div>\n\n\n\n<h2 class=\"wp-block-heading\">Diese R\u00e4der suchen einen Standort<\/h2>\n\n\n\n<p>Diese Lastenr\u00e4der sind noch nicht im Verleih, da sie keinen festen Standort haben. Sie suchen eine\/n BetreuerIn, diese Person ist zust\u00e4ndig f\u00fcr Anfragen von Nutzenden und f\u00fcr die Fahrradwartung.<\/p>\n\n\n<div class=\"cb-wrapper cb-shortcode-items template-shortcode-items post-page no-post-thumbnail\"><div class=\"cb-list-header\">\n\t<div class=\"cb-thumbnail\"><img loading=\"lazy\" decoding=\"async\" width=\"100\" height=\"52\" src=\"https:\/\/lastenvelomannheim.de\/wp-content\/uploads\/2023\/12\/Helene-100x52.jpeg\" class=\"alignleft cb-image wp-post-image\" alt=\"\" \/><\/div>\t<div class=\"cb-list-info\">\n\t\t<h2><a href=\"https:\/\/lastenvelomannheim.de\/?cb_item=hanka\" class=\"cb-title cb-title-link\">#Hanka<\/a><\/h2>\n\t\tHanka ist ein zweir\u00e4driges Lastenrad, mit Frontloader von Yuba Typ Supercargo mit elektrischer Unterst\u00fctzung. Sie hat eine Regenplane und eine Sattelst\u00fctze mit super Federung ist montiert. Es k\u00f6nnen zwei Kinder (ca. 1,5 \u2013 6 Jahre) angeschnallt werden.\t\t\t\t\t<div class=\"cb-status cb-availability-status cb-status-not-available cb-notice-small\">Dieser Artikel ist derzeit nicht buchbar.<\/div>\n\t\t\t<\/div>\n<\/div><!-- .cb-list-header -->\n\n<\/div><div class=\"cb-wrapper cb-shortcode-items template-shortcode-items post-page no-post-thumbnail\"><div class=\"cb-list-header\">\n\t<div class=\"cb-thumbnail\"><img loading=\"lazy\" decoding=\"async\" width=\"100\" height=\"75\" src=\"https:\/\/lastenvelomannheim.de\/wp-content\/uploads\/2024\/01\/20240611_191931-100x75.jpg\" class=\"alignleft cb-image wp-post-image\" alt=\"\" \/><\/div>\t<div class=\"cb-list-info\">\n\t\t<h2><a href=\"https:\/\/lastenvelomannheim.de\/?cb_item=bjarne\" class=\"cb-title cb-title-link\">#Bjarne<\/a><\/h2>\n\t\tBjarne ist ein zweir\u00e4driges Lastenrad mit einem Vorderkorb vom Hersteller Bullit. Es hat eine elektrische Motorunterst\u00fctzung, Es k\u00f6nnen zwei Kinder (ca. 1,5 \u2013 6 Jahre) angeschnallt werden.\t\t\t\t\t<div class=\"cb-status cb-availability-status cb-status-not-available cb-notice-small\">Dieser Artikel ist derzeit nicht buchbar.<\/div>\n\t\t\t<\/div>\n<\/div><!-- .cb-list-header -->\n\n<\/div><div class=\"cb-wrapper cb-shortcode-items template-shortcode-items post-page no-post-thumbnail\"><div class=\"cb-list-header\">\n\t<div class=\"cb-thumbnail\"><img loading=\"lazy\" decoding=\"async\" width=\"100\" height=\"56\" src=\"https:\/\/lastenvelomannheim.de\/wp-content\/uploads\/2019\/12\/lama4.jpg\" class=\"alignleft cb-image wp-post-image\" alt=\"\" \/><\/div>\t<div class=\"cb-list-info\">\n\t\t<h2><a href=\"https:\/\/lastenvelomannheim.de\/?cb_item=lama-x-nr-4-bald-startklar\" class=\"cb-title cb-title-link\">#Karl<\/a><\/h2>\n\t\tDas  LaMa \"Karl\" der Marke Christiania ist ein dreir\u00e4driges Lastenrad mit einer gro\u00dfen Kiste vorne. Es k\u00f6nnen zwei Kinder angeschnallt werden.\t\t\t\t\t<div class=\"cb-status cb-availability-status cb-status-not-available cb-notice-small\">Dieser Artikel ist derzeit nicht buchbar.<\/div>\n\t\t\t<\/div>\n<\/div><!-- .cb-list-header -->\n\n<\/div><div class=\"cb-wrapper cb-shortcode-items template-shortcode-items post-page no-post-thumbnail\"><div class=\"cb-list-header\">\n\t<div class=\"cb-thumbnail\"><img loading=\"lazy\" decoding=\"async\" width=\"100\" height=\"67\" src=\"https:\/\/lastenvelomannheim.de\/wp-content\/uploads\/2017\/09\/LaMa1.jpg\" class=\"alignleft cb-image wp-post-image\" alt=\"\" \/><\/div>\t<div class=\"cb-list-info\">\n\t\t<h2><a href=\"https:\/\/lastenvelomannheim.de\/?cb_item=lama-no-one\" class=\"cb-title cb-title-link\">LaMa #01<\/a><\/h2>\n\t\tDas LaMa hat drei R\u00e4der, eine gro\u00dfe Kiste und zwei klappbare Sitzb\u00e4nke.  \nIm LaMa k\u00f6nnen vier Kinder  angeschnallt werden (ca. 1,5-6 Jahre).\t\t\t\t\t<div class=\"cb-status cb-availability-status cb-status-not-available cb-notice-small\">Dieser Artikel ist derzeit nicht buchbar.<\/div>\n\t\t\t<\/div>\n<\/div><!-- .cb-list-header -->\n\n<\/div>\n\n\n\n<p>Kennst du einen Standort, der ein Lastenrad herausgeben kann? Hier findest du unsere <a href=\"https:\/\/lastenvelomannheim.de\/?p=4722\" data-type=\"link\" data-id=\"https:\/\/lastenvelomannheim.de\/?p=4722\">Anforderungen an Standorte<\/a>. Wir suchen in: <\/p>\n\n\n\n<ul class=\"wp-block-list\">\n<li>Waldhof<\/li>\n\n\n\n<li>Vogelstang<\/li>\n\n\n\n<li>Seckenheim<\/li>\n<\/ul>\n\n\n\n<p>Willst du RadbetreuerIn werden?  Hier findest du typische <a href=\"https:\/\/lastenvelomannheim.de\/?p=4722\" data-type=\"link\" data-id=\"https:\/\/lastenvelomannheim.de\/?p=4722\">Aufgaben als RadbetreuerIn<\/a>. Wir suchen jemanden f\u00fcr:<\/p>\n\n\n\n<ul class=\"wp-block-list\">\n<li>Waldhof<\/li>\n\n\n\n<li>Vogelstang<\/li>\n\n\n\n<li>Seckenheim<\/li>\n<\/ul>\n","protected":false},"excerpt":{"rendered":"<p>Hier findest du alle Lastenr\u00e4der in und um Mannheim herum. Unser Rollstuhlfahrrad Billie und die Fahrradrikscha ERika wird als buchbar angezeigt, wenn du bei uns einen F\u00fchrerschein gemacht hast und auf unserer Webseite angemeldet bist. Diese R\u00e4der suchen einen Standort Diese Lastenr\u00e4der sind noch nicht im Verleih, da sie keinen festen Standort haben. Sie suchen &hellip; <\/p>\n<p class=\"link-more\"><a href=\"https:\/\/lastenvelomannheim.de\/?page_id=27\" class=\"more-link\"><span class=\"screen-reader-text\">\u201eLastenrad reservieren\u201c <\/span>weiterlesen<\/a><\/p>\n","protected":false},"author":2079,"featured_media":0,"parent":0,"menu_order":0,"comment_status":"closed","ping_status":"closed","template":"","meta":{"footnotes":""},"class_list":["post-27","page","type-page","status-publish","hentry"],"_links":{"self":[{"href":"https:\/\/lastenvelomannheim.de\/index.php?rest_route=\/wp\/v2\/pages\/27","targetHints":{"allow":["GET"]}}],"collection":[{"href":"https:\/\/lastenvelomannheim.de\/index.php?rest_route=\/wp\/v2\/pages"}],"about":[{"href":"https:\/\/lastenvelomannheim.de\/index.php?rest_route=\/wp\/v2\/types\/page"}],"author":[{"embeddable":true,"href":"https:\/\/lastenvelomannheim.de\/index.php?rest_route=\/wp\/v2\/users\/2079"}],"replies":[{"embeddable":true,"href":"https:\/\/lastenvelomannheim.de\/index.php?rest_route=%2Fwp%2Fv2%2Fcomments&post=27"}],"version-history":[{"count":83,"href":"https:\/\/lastenvelomannheim.de\/index.php?rest_route=\/wp\/v2\/pages\/27\/revisions"}],"predecessor-version":[{"id":12074,"href":"https:\/\/lastenvelomannheim.de\/index.php?rest_route=\/wp\/v2\/pages\/27\/revisions\/12074"}],"wp:attachment":[{"href":"https:\/\/lastenvelomannheim.de\/index.php?rest_route=%2Fwp%2Fv2%2Fmedia&parent=27"}],"curies":[{"name":"wp","href":"https:\/\/api.w.org\/{rel}","templated":true}]}}