{"id":198,"date":"2017-12-15T13:34:34","date_gmt":"2017-12-15T12:34:34","guid":{"rendered":"https:\/\/lastenvelomannheim.de\/?page_id=198"},"modified":"2025-03-09T18:45:03","modified_gmt":"2025-03-09T17:45:03","slug":"mitglied-werden","status":"publish","type":"page","link":"https:\/\/lastenvelomannheim.de\/?page_id=198","title":{"rendered":"Mitglied werden"},"content":{"rendered":"<p>Als Mitglied wirst du Teil unserer Gemeinschaft und unterst\u00fctzt die Verkehrswende in Mannheim und der Rhein-Neckar-Region. Du hast die M\u00f6glichkeit, auf den Mitgliederversammlungen \u00fcber die Belange des Vereins als ordentliches Mitglied mitzubestimmen oder F\u00f6rdermitglied zu werden<\/p>\n<p>Hier findest du den <a href=\"https:\/\/lastenvelomannheim.de\/wp-content\/uploads\/2019\/01\/Vereinbeitrittserkl\u00e4rung-LaMa-2019-01.pdf\" target=\"_blank\" rel=\"noopener\">Mitgliedsantrag<\/a>.<\/p>\n<p>Auch ohne Mitgliedschaft im Verein kannst du dich mit einer <a href=\"https:\/\/lastenvelomannheim.de\/?page_id=186\">Spende<\/a> f\u00fcr Wartung und Instandhaltung der R\u00e4der bei LaMa beteiligen.<\/p>\n<p>Wir sind gemeinn\u00fctzig anerkannt und daher k\u00f6nnen Mitgliedsbeitr\u00e4ge sowie Spenden gem\u00e4\u00df \u00a750 Abs.1 EStDV steuerlich geltend gemacht<br \/>werden.<\/p>\n\n\n<figure class=\"wp-block-image size-large\"><img loading=\"lazy\" decoding=\"async\" width=\"1024\" height=\"601\" src=\"https:\/\/lastenvelomannheim.de\/wp-content\/uploads\/2021\/12\/LaMas-Spinelli1-scaled-e1639948384865-1024x601.jpg\" alt=\"\" class=\"wp-image-2417\" srcset=\"https:\/\/lastenvelomannheim.de\/wp-content\/uploads\/2021\/12\/LaMas-Spinelli1-scaled-e1639948384865-1024x601.jpg 1024w, https:\/\/lastenvelomannheim.de\/wp-content\/uploads\/2021\/12\/LaMas-Spinelli1-scaled-e1639948384865-300x176.jpg 300w, https:\/\/lastenvelomannheim.de\/wp-content\/uploads\/2021\/12\/LaMas-Spinelli1-scaled-e1639948384865-768x451.jpg 768w, https:\/\/lastenvelomannheim.de\/wp-content\/uploads\/2021\/12\/LaMas-Spinelli1-scaled-e1639948384865-1536x902.jpg 1536w, https:\/\/lastenvelomannheim.de\/wp-content\/uploads\/2021\/12\/LaMas-Spinelli1-scaled-e1639948384865-2048x1202.jpg 2048w\" sizes=\"auto, (max-width: 706px) 89vw, (max-width: 767px) 82vw, 740px\" \/><figcaption class=\"wp-element-caption\">LaMa auf dem Spinellifest 2021<\/figcaption><\/figure>\n","protected":false},"excerpt":{"rendered":"<p>Als Mitglied wirst du Teil unserer Gemeinschaft und unterst\u00fctzt die Verkehrswende in Mannheim und der Rhein-Neckar-Region. Du hast die M\u00f6glichkeit, auf den Mitgliederversammlungen \u00fcber die Belange des Vereins als ordentliches Mitglied mitzubestimmen oder F\u00f6rdermitglied zu werden Hier findest du den Mitgliedsantrag. Auch ohne Mitgliedschaft im Verein kannst du dich mit einer Spende f\u00fcr Wartung und &hellip; <\/p>\n<p class=\"link-more\"><a href=\"https:\/\/lastenvelomannheim.de\/?page_id=198\" class=\"more-link\"><span class=\"screen-reader-text\">\u201eMitglied werden\u201c <\/span>weiterlesen<\/a><\/p>\n","protected":false},"author":4,"featured_media":0,"parent":0,"menu_order":0,"comment_status":"closed","ping_status":"closed","template":"","meta":{"footnotes":""},"class_list":["post-198","page","type-page","status-publish","hentry"],"_links":{"self":[{"href":"https:\/\/lastenvelomannheim.de\/index.php?rest_route=\/wp\/v2\/pages\/198","targetHints":{"allow":["GET"]}}],"collection":[{"href":"https:\/\/lastenvelomannheim.de\/index.php?rest_route=\/wp\/v2\/pages"}],"about":[{"href":"https:\/\/lastenvelomannheim.de\/index.php?rest_route=\/wp\/v2\/types\/page"}],"author":[{"embeddable":true,"href":"https:\/\/lastenvelomannheim.de\/index.php?rest_route=\/wp\/v2\/users\/4"}],"replies":[{"embeddable":true,"href":"https:\/\/lastenvelomannheim.de\/index.php?rest_route=%2Fwp%2Fv2%2Fcomments&post=198"}],"version-history":[{"count":13,"href":"https:\/\/lastenvelomannheim.de\/index.php?rest_route=\/wp\/v2\/pages\/198\/revisions"}],"predecessor-version":[{"id":11312,"href":"https:\/\/lastenvelomannheim.de\/index.php?rest_route=\/wp\/v2\/pages\/198\/revisions\/11312"}],"wp:attachment":[{"href":"https:\/\/lastenvelomannheim.de\/index.php?rest_route=%2Fwp%2Fv2%2Fmedia&parent=198"}],"curies":[{"name":"wp","href":"https:\/\/api.w.org\/{rel}","templated":true}]}}