{"id":10670,"date":"2025-01-20T23:57:09","date_gmt":"2025-01-20T22:57:09","guid":{"rendered":"https:\/\/lastenvelomannheim.de\/?page_id=10670"},"modified":"2025-02-15T20:01:20","modified_gmt":"2025-02-15T19:01:20","slug":"ueber-uns-neu","status":"publish","type":"page","link":"https:\/\/lastenvelomannheim.de\/?page_id=10670","title":{"rendered":"\u00dcber LaMa"},"content":{"rendered":"\n<p>LaMa ist ein gemeinn\u00fctziger Verein, der kostenlos Lastenr\u00e4der verleiht. Unsere R\u00e4der werden von Ehrenamtlichen betreut und sie transportieren Eink\u00e4ufe, Kinder und auch kleine Umz\u00fcge sind mit ihnen m\u00f6glich. Da die Anschaffung eines Lastenrades teuer ist, erm\u00f6glichen wir dir eine Ausleihe auf Spendenbasis.<\/p>\n\n\n\n<p>Mit dieser Idee haben wir im Jahr 2022 den <a href=\"https:\/\/www.mannheim.de\/de\/stadt-gestalten\/buergerbeteiligung\/beteiligungshaushalt-2022\"><strong><mark style=\"background-color:rgba(0, 0, 0, 0)\" class=\"has-inline-color has-vivid-cyan-blue-color\">Beteiligungshaushalt Mannheim <\/mark><\/strong><\/a>gewonnen, mit dem die Stadt Umsetzung von sozialen und \u00f6kologischen Projekten f\u00f6rdert.<\/p>\n\n\n\n<p>Denn in der Stadt bist du mit dem Lastenrad nicht nur schneller unterwegs, sondern sparst Ressourcen und dein Geldbeutel freut sich noch dazu. Im Jahr 2024 wurden 18 Lastenr\u00e4der \u00fcber 1100-mal ausgeliehen. Unsere 1700 Benutzerinnen und Benutzer tragen t\u00e4glich zu weniger PKW-Verkehr in Mannheim und Umgebung bei.<\/p>\n\n\n<div class=\"wp-block-image is-style-default\">\n<figure data-wp-context=\"{&quot;imageId&quot;:&quot;69f2096274adb&quot;}\" data-wp-interactive=\"core\/image\" data-wp-key=\"69f2096274adb\" class=\"aligncenter size-full is-resized wp-lightbox-container\"><img loading=\"lazy\" decoding=\"async\" width=\"900\" height=\"1200\" data-wp-class--hide=\"state.isContentHidden\" data-wp-class--show=\"state.isContentVisible\" data-wp-init=\"callbacks.setButtonStyles\" data-wp-on--click=\"actions.showLightbox\" data-wp-on--load=\"callbacks.setButtonStyles\" data-wp-on-window--resize=\"callbacks.setButtonStyles\" src=\"https:\/\/lastenvelomannheim.de\/wp-content\/uploads\/2025\/01\/2023-09-Parking-Day-IMG_4031-2.jpg\" alt=\"\" class=\"wp-image-10679\" style=\"width:400px\" srcset=\"https:\/\/lastenvelomannheim.de\/wp-content\/uploads\/2025\/01\/2023-09-Parking-Day-IMG_4031-2.jpg 900w, https:\/\/lastenvelomannheim.de\/wp-content\/uploads\/2025\/01\/2023-09-Parking-Day-IMG_4031-2-225x300.jpg 225w, https:\/\/lastenvelomannheim.de\/wp-content\/uploads\/2025\/01\/2023-09-Parking-Day-IMG_4031-2-768x1024.jpg 768w, https:\/\/lastenvelomannheim.de\/wp-content\/uploads\/2025\/01\/2023-09-Parking-Day-IMG_4031-2-45x60.jpg 45w, https:\/\/lastenvelomannheim.de\/wp-content\/uploads\/2025\/01\/2023-09-Parking-Day-IMG_4031-2-75x100.jpg 75w\" sizes=\"auto, (max-width: 706px) 89vw, (max-width: 767px) 82vw, 740px\" \/><button\n\t\t\tclass=\"lightbox-trigger\"\n\t\t\ttype=\"button\"\n\t\t\taria-haspopup=\"dialog\"\n\t\t\taria-label=\"Vergr\u00f6\u00dfern\"\n\t\t\tdata-wp-init=\"callbacks.initTriggerButton\"\n\t\t\tdata-wp-on--click=\"actions.showLightbox\"\n\t\t\tdata-wp-style--right=\"state.imageButtonRight\"\n\t\t\tdata-wp-style--top=\"state.imageButtonTop\"\n\t\t>\n\t\t\t<svg xmlns=\"http:\/\/www.w3.org\/2000\/svg\" width=\"12\" height=\"12\" fill=\"none\" viewBox=\"0 0 12 12\">\n\t\t\t\t<path fill=\"#fff\" d=\"M2 0a2 2 0 0 0-2 2v2h1.5V2a.5.5 0 0 1 .5-.5h2V0H2Zm2 10.5H2a.5.5 0 0 1-.5-.5V8H0v2a2 2 0 0 0 2 2h2v-1.5ZM8 12v-1.5h2a.5.5 0 0 0 .5-.5V8H12v2a2 2 0 0 1-2 2H8Zm2-12a2 2 0 0 1 2 2v2h-1.5V2a.5.5 0 0 0-.5-.5H8V0h2Z\" \/>\n\t\t\t<\/svg>\n\t\t<\/button><figcaption class=\"wp-element-caption\">Mitglied Andreas mit Sohn beim Parkingday Mannheim 2023<\/figcaption><\/figure>\n<\/div>\n\n\n<h3 class=\"wp-block-heading\">Barrierefrei unterwegs im Rollstuhlrad und mit der Rikscha<\/h3>\n\n\n\n<p>Mit unseren R\u00e4dern werden Radtouren f\u00fcr kleine Kinder zum Erlebnis, denn sie k\u00f6nnen vorne in der Kiste alles um sich herum erleben. Und da geht noch mehr: sperrige und schwere Dinge k\u00f6nnen einfach mit dem Lastenradanh\u00e4nger <a href=\"https:\/\/lastenvelomannheim.de\/?cb_item=carla\" data-type=\"cb_item\" data-id=\"10649\"><strong><mark style=\"background-color:rgba(0, 0, 0, 0)\" class=\"has-inline-color has-vivid-cyan-blue-color\">Carla <\/mark><\/strong><\/a>transportiert werden. Personen mit eingeschr\u00e4nkter Mobilit\u00e4t erfreuen sich mit dem Rollstuhlrad <a href=\"https:\/\/lastenvelomannheim.de\/?cb_item=billie\" data-type=\"cb_item\" data-id=\"2399\"><strong><mark style=\"background-color:rgba(0, 0, 0, 0)\" class=\"has-inline-color has-vivid-cyan-blue-color\">Billie <\/mark><\/strong><\/a>und der Fahrradrikscha <a href=\"https:\/\/lastenvelomannheim.de\/?cb_item=erika\" data-type=\"cb_item\" data-id=\"7265\"><strong><mark style=\"background-color:rgba(0, 0, 0, 0)\" class=\"has-inline-color has-vivid-cyan-blue-color\">ERika <\/mark><\/strong><\/a>an gemeinsamen Radtouren.<\/p>\n\n\n\n<p>LaMa ist ein gemeinn\u00fctziger Verein, der seit seiner Gr\u00fcndung im Jahr 2017 stetig w\u00e4chst und viele gemeinsame Aktionen organisiert:<\/p>\n\n\n\n<figure class=\"wp-block-gallery has-nested-images columns-2 is-cropped wp-block-gallery-1 is-layout-flex wp-block-gallery-is-layout-flex\">\n<figure data-wp-context=\"{&quot;imageId&quot;:&quot;69f209627524d&quot;}\" data-wp-interactive=\"core\/image\" data-wp-key=\"69f209627524d\" class=\"wp-block-image size-large wp-lightbox-container\"><img loading=\"lazy\" decoding=\"async\" width=\"768\" height=\"1024\" data-wp-class--hide=\"state.isContentHidden\" data-wp-class--show=\"state.isContentVisible\" data-wp-init=\"callbacks.setButtonStyles\" data-wp-on--click=\"actions.showLightbox\" data-wp-on--load=\"callbacks.setButtonStyles\" data-wp-on-window--resize=\"callbacks.setButtonStyles\" data-id=\"10695\" src=\"https:\/\/lastenvelomannheim.de\/wp-content\/uploads\/2025\/01\/2024-12-Weihnachtsmarkt-Spinelli-1024-1365-768x1024.jpg\" alt=\"\" class=\"wp-image-10695\" srcset=\"https:\/\/lastenvelomannheim.de\/wp-content\/uploads\/2025\/01\/2024-12-Weihnachtsmarkt-Spinelli-1024-1365-768x1024.jpg 768w, https:\/\/lastenvelomannheim.de\/wp-content\/uploads\/2025\/01\/2024-12-Weihnachtsmarkt-Spinelli-1024-1365-225x300.jpg 225w, https:\/\/lastenvelomannheim.de\/wp-content\/uploads\/2025\/01\/2024-12-Weihnachtsmarkt-Spinelli-1024-1365-45x60.jpg 45w, https:\/\/lastenvelomannheim.de\/wp-content\/uploads\/2025\/01\/2024-12-Weihnachtsmarkt-Spinelli-1024-1365-75x100.jpg 75w, https:\/\/lastenvelomannheim.de\/wp-content\/uploads\/2025\/01\/2024-12-Weihnachtsmarkt-Spinelli-1024-1365.jpg 900w\" sizes=\"auto, (max-width: 706px) 89vw, (max-width: 767px) 82vw, 740px\" \/><button\n\t\t\tclass=\"lightbox-trigger\"\n\t\t\ttype=\"button\"\n\t\t\taria-haspopup=\"dialog\"\n\t\t\taria-label=\"Vergr\u00f6\u00dfern\"\n\t\t\tdata-wp-init=\"callbacks.initTriggerButton\"\n\t\t\tdata-wp-on--click=\"actions.showLightbox\"\n\t\t\tdata-wp-style--right=\"state.imageButtonRight\"\n\t\t\tdata-wp-style--top=\"state.imageButtonTop\"\n\t\t>\n\t\t\t<svg xmlns=\"http:\/\/www.w3.org\/2000\/svg\" width=\"12\" height=\"12\" fill=\"none\" viewBox=\"0 0 12 12\">\n\t\t\t\t<path fill=\"#fff\" d=\"M2 0a2 2 0 0 0-2 2v2h1.5V2a.5.5 0 0 1 .5-.5h2V0H2Zm2 10.5H2a.5.5 0 0 1-.5-.5V8H0v2a2 2 0 0 0 2 2h2v-1.5ZM8 12v-1.5h2a.5.5 0 0 0 .5-.5V8H12v2a2 2 0 0 1-2 2H8Zm2-12a2 2 0 0 1 2 2v2h-1.5V2a.5.5 0 0 0-.5-.5H8V0h2Z\" \/>\n\t\t\t<\/svg>\n\t\t<\/button><figcaption class=\"wp-element-caption\">Weihnachtsmarkt auf Spinelli 2024<\/figcaption><\/figure>\n\n\n\n<figure data-wp-context=\"{&quot;imageId&quot;:&quot;69f2096275756&quot;}\" data-wp-interactive=\"core\/image\" data-wp-key=\"69f2096275756\" class=\"wp-block-image size-large wp-lightbox-container\"><img loading=\"lazy\" decoding=\"async\" width=\"768\" height=\"1024\" data-wp-class--hide=\"state.isContentHidden\" data-wp-class--show=\"state.isContentVisible\" data-wp-init=\"callbacks.setButtonStyles\" data-wp-on--click=\"actions.showLightbox\" data-wp-on--load=\"callbacks.setButtonStyles\" data-wp-on-window--resize=\"callbacks.setButtonStyles\" data-id=\"10684\" src=\"https:\/\/lastenvelomannheim.de\/wp-content\/uploads\/2025\/01\/2024-02-VFL-Treffen-IMG_7134-768x1024.jpg\" alt=\"\" class=\"wp-image-10684\" srcset=\"https:\/\/lastenvelomannheim.de\/wp-content\/uploads\/2025\/01\/2024-02-VFL-Treffen-IMG_7134-768x1024.jpg 768w, https:\/\/lastenvelomannheim.de\/wp-content\/uploads\/2025\/01\/2024-02-VFL-Treffen-IMG_7134-225x300.jpg 225w, https:\/\/lastenvelomannheim.de\/wp-content\/uploads\/2025\/01\/2024-02-VFL-Treffen-IMG_7134-45x60.jpg 45w, https:\/\/lastenvelomannheim.de\/wp-content\/uploads\/2025\/01\/2024-02-VFL-Treffen-IMG_7134-75x100.jpg 75w, https:\/\/lastenvelomannheim.de\/wp-content\/uploads\/2025\/01\/2024-02-VFL-Treffen-IMG_7134.jpg 900w\" sizes=\"auto, (max-width: 706px) 89vw, (max-width: 767px) 82vw, 740px\" \/><button\n\t\t\tclass=\"lightbox-trigger\"\n\t\t\ttype=\"button\"\n\t\t\taria-haspopup=\"dialog\"\n\t\t\taria-label=\"Vergr\u00f6\u00dfern\"\n\t\t\tdata-wp-init=\"callbacks.initTriggerButton\"\n\t\t\tdata-wp-on--click=\"actions.showLightbox\"\n\t\t\tdata-wp-style--right=\"state.imageButtonRight\"\n\t\t\tdata-wp-style--top=\"state.imageButtonTop\"\n\t\t>\n\t\t\t<svg xmlns=\"http:\/\/www.w3.org\/2000\/svg\" width=\"12\" height=\"12\" fill=\"none\" viewBox=\"0 0 12 12\">\n\t\t\t\t<path fill=\"#fff\" d=\"M2 0a2 2 0 0 0-2 2v2h1.5V2a.5.5 0 0 1 .5-.5h2V0H2Zm2 10.5H2a.5.5 0 0 1-.5-.5V8H0v2a2 2 0 0 0 2 2h2v-1.5ZM8 12v-1.5h2a.5.5 0 0 0 .5-.5V8H12v2a2 2 0 0 1-2 2H8Zm2-12a2 2 0 0 1 2 2v2h-1.5V2a.5.5 0 0 0-.5-.5H8V0h2Z\" \/>\n\t\t\t<\/svg>\n\t\t<\/button><figcaption class=\"wp-element-caption\">Treffen Verband Freie Lastenr\u00e4der 2024<\/figcaption><\/figure>\n\n\n\n<figure data-wp-context=\"{&quot;imageId&quot;:&quot;69f2096275af5&quot;}\" data-wp-interactive=\"core\/image\" data-wp-key=\"69f2096275af5\" class=\"wp-block-image size-large wp-lightbox-container\"><img loading=\"lazy\" decoding=\"async\" width=\"1024\" height=\"759\" data-wp-class--hide=\"state.isContentHidden\" data-wp-class--show=\"state.isContentVisible\" data-wp-init=\"callbacks.setButtonStyles\" data-wp-on--click=\"actions.showLightbox\" data-wp-on--load=\"callbacks.setButtonStyles\" data-wp-on-window--resize=\"callbacks.setButtonStyles\" data-id=\"10692\" src=\"https:\/\/lastenvelomannheim.de\/wp-content\/uploads\/2025\/01\/2024-07-Billie-und-Erika-Duha-3395-2516-max-1024x759.jpg\" alt=\"\" class=\"wp-image-10692\" srcset=\"https:\/\/lastenvelomannheim.de\/wp-content\/uploads\/2025\/01\/2024-07-Billie-und-Erika-Duha-3395-2516-max-1024x759.jpg 1024w, https:\/\/lastenvelomannheim.de\/wp-content\/uploads\/2025\/01\/2024-07-Billie-und-Erika-Duha-3395-2516-max-300x222.jpg 300w, https:\/\/lastenvelomannheim.de\/wp-content\/uploads\/2025\/01\/2024-07-Billie-und-Erika-Duha-3395-2516-max-768x569.jpg 768w, https:\/\/lastenvelomannheim.de\/wp-content\/uploads\/2025\/01\/2024-07-Billie-und-Erika-Duha-3395-2516-max-60x44.jpg 60w, https:\/\/lastenvelomannheim.de\/wp-content\/uploads\/2025\/01\/2024-07-Billie-und-Erika-Duha-3395-2516-max-100x74.jpg 100w, https:\/\/lastenvelomannheim.de\/wp-content\/uploads\/2025\/01\/2024-07-Billie-und-Erika-Duha-3395-2516-max.jpg 1200w\" sizes=\"auto, (max-width: 706px) 89vw, (max-width: 767px) 82vw, 740px\" \/><button\n\t\t\tclass=\"lightbox-trigger\"\n\t\t\ttype=\"button\"\n\t\t\taria-haspopup=\"dialog\"\n\t\t\taria-label=\"Vergr\u00f6\u00dfern\"\n\t\t\tdata-wp-init=\"callbacks.initTriggerButton\"\n\t\t\tdata-wp-on--click=\"actions.showLightbox\"\n\t\t\tdata-wp-style--right=\"state.imageButtonRight\"\n\t\t\tdata-wp-style--top=\"state.imageButtonTop\"\n\t\t>\n\t\t\t<svg xmlns=\"http:\/\/www.w3.org\/2000\/svg\" width=\"12\" height=\"12\" fill=\"none\" viewBox=\"0 0 12 12\">\n\t\t\t\t<path fill=\"#fff\" d=\"M2 0a2 2 0 0 0-2 2v2h1.5V2a.5.5 0 0 1 .5-.5h2V0H2Zm2 10.5H2a.5.5 0 0 1-.5-.5V8H0v2a2 2 0 0 0 2 2h2v-1.5ZM8 12v-1.5h2a.5.5 0 0 0 .5-.5V8H12v2a2 2 0 0 1-2 2H8Zm2-12a2 2 0 0 1 2 2v2h-1.5V2a.5.5 0 0 0-.5-.5H8V0h2Z\" \/>\n\t\t\t<\/svg>\n\t\t<\/button><figcaption class=\"wp-element-caption\">&#8216;Billie&#8217; und &#8216;ERika&#8217; beim Verein Duha 2024<\/figcaption><\/figure>\n\n\n\n<figure data-wp-context=\"{&quot;imageId&quot;:&quot;69f2096275e7e&quot;}\" data-wp-interactive=\"core\/image\" data-wp-key=\"69f2096275e7e\" class=\"wp-block-image size-large wp-lightbox-container\"><img loading=\"lazy\" decoding=\"async\" width=\"768\" height=\"1024\" data-wp-class--hide=\"state.isContentHidden\" data-wp-class--show=\"state.isContentVisible\" data-wp-init=\"callbacks.setButtonStyles\" data-wp-on--click=\"actions.showLightbox\" data-wp-on--load=\"callbacks.setButtonStyles\" data-wp-on-window--resize=\"callbacks.setButtonStyles\" data-id=\"10688\" src=\"https:\/\/lastenvelomannheim.de\/wp-content\/uploads\/2025\/01\/2024-06-monnem-bikeIMG_9704-768x1024.jpg\" alt=\"\" class=\"wp-image-10688\" srcset=\"https:\/\/lastenvelomannheim.de\/wp-content\/uploads\/2025\/01\/2024-06-monnem-bikeIMG_9704-768x1024.jpg 768w, https:\/\/lastenvelomannheim.de\/wp-content\/uploads\/2025\/01\/2024-06-monnem-bikeIMG_9704-225x300.jpg 225w, https:\/\/lastenvelomannheim.de\/wp-content\/uploads\/2025\/01\/2024-06-monnem-bikeIMG_9704-45x60.jpg 45w, https:\/\/lastenvelomannheim.de\/wp-content\/uploads\/2025\/01\/2024-06-monnem-bikeIMG_9704-75x100.jpg 75w, https:\/\/lastenvelomannheim.de\/wp-content\/uploads\/2025\/01\/2024-06-monnem-bikeIMG_9704.jpg 900w\" sizes=\"auto, (max-width: 706px) 89vw, (max-width: 767px) 82vw, 740px\" \/><button\n\t\t\tclass=\"lightbox-trigger\"\n\t\t\ttype=\"button\"\n\t\t\taria-haspopup=\"dialog\"\n\t\t\taria-label=\"Vergr\u00f6\u00dfern\"\n\t\t\tdata-wp-init=\"callbacks.initTriggerButton\"\n\t\t\tdata-wp-on--click=\"actions.showLightbox\"\n\t\t\tdata-wp-style--right=\"state.imageButtonRight\"\n\t\t\tdata-wp-style--top=\"state.imageButtonTop\"\n\t\t>\n\t\t\t<svg xmlns=\"http:\/\/www.w3.org\/2000\/svg\" width=\"12\" height=\"12\" fill=\"none\" viewBox=\"0 0 12 12\">\n\t\t\t\t<path fill=\"#fff\" d=\"M2 0a2 2 0 0 0-2 2v2h1.5V2a.5.5 0 0 1 .5-.5h2V0H2Zm2 10.5H2a.5.5 0 0 1-.5-.5V8H0v2a2 2 0 0 0 2 2h2v-1.5ZM8 12v-1.5h2a.5.5 0 0 0 .5-.5V8H12v2a2 2 0 0 1-2 2H8Zm2-12a2 2 0 0 1 2 2v2h-1.5V2a.5.5 0 0 0-.5-.5H8V0h2Z\" \/>\n\t\t\t<\/svg>\n\t\t<\/button><figcaption class=\"wp-element-caption\">&#8216;ERika&#8217; bei Monnem Bike 2024<\/figcaption><\/figure>\n\n\n\n<figure data-wp-context=\"{&quot;imageId&quot;:&quot;69f2096276218&quot;}\" data-wp-interactive=\"core\/image\" data-wp-key=\"69f2096276218\" class=\"wp-block-image size-large wp-lightbox-container\"><img loading=\"lazy\" decoding=\"async\" width=\"768\" height=\"1024\" data-wp-class--hide=\"state.isContentHidden\" data-wp-class--show=\"state.isContentVisible\" data-wp-init=\"callbacks.setButtonStyles\" data-wp-on--click=\"actions.showLightbox\" data-wp-on--load=\"callbacks.setButtonStyles\" data-wp-on-window--resize=\"callbacks.setButtonStyles\" data-id=\"10691\" src=\"https:\/\/lastenvelomannheim.de\/wp-content\/uploads\/2025\/01\/2024-06-monnem-bikesignal-2024-06-30-124456_005-768x1024.jpg\" alt=\"\" class=\"wp-image-10691\" srcset=\"https:\/\/lastenvelomannheim.de\/wp-content\/uploads\/2025\/01\/2024-06-monnem-bikesignal-2024-06-30-124456_005-768x1024.jpg 768w, https:\/\/lastenvelomannheim.de\/wp-content\/uploads\/2025\/01\/2024-06-monnem-bikesignal-2024-06-30-124456_005-225x300.jpg 225w, https:\/\/lastenvelomannheim.de\/wp-content\/uploads\/2025\/01\/2024-06-monnem-bikesignal-2024-06-30-124456_005-45x60.jpg 45w, https:\/\/lastenvelomannheim.de\/wp-content\/uploads\/2025\/01\/2024-06-monnem-bikesignal-2024-06-30-124456_005-75x100.jpg 75w, https:\/\/lastenvelomannheim.de\/wp-content\/uploads\/2025\/01\/2024-06-monnem-bikesignal-2024-06-30-124456_005.jpg 900w\" sizes=\"auto, (max-width: 706px) 89vw, (max-width: 767px) 82vw, 740px\" \/><button\n\t\t\tclass=\"lightbox-trigger\"\n\t\t\ttype=\"button\"\n\t\t\taria-haspopup=\"dialog\"\n\t\t\taria-label=\"Vergr\u00f6\u00dfern\"\n\t\t\tdata-wp-init=\"callbacks.initTriggerButton\"\n\t\t\tdata-wp-on--click=\"actions.showLightbox\"\n\t\t\tdata-wp-style--right=\"state.imageButtonRight\"\n\t\t\tdata-wp-style--top=\"state.imageButtonTop\"\n\t\t>\n\t\t\t<svg xmlns=\"http:\/\/www.w3.org\/2000\/svg\" width=\"12\" height=\"12\" fill=\"none\" viewBox=\"0 0 12 12\">\n\t\t\t\t<path fill=\"#fff\" d=\"M2 0a2 2 0 0 0-2 2v2h1.5V2a.5.5 0 0 1 .5-.5h2V0H2Zm2 10.5H2a.5.5 0 0 1-.5-.5V8H0v2a2 2 0 0 0 2 2h2v-1.5ZM8 12v-1.5h2a.5.5 0 0 0 .5-.5V8H12v2a2 2 0 0 1-2 2H8Zm2-12a2 2 0 0 1 2 2v2h-1.5V2a.5.5 0 0 0-.5-.5H8V0h2Z\" \/>\n\t\t\t<\/svg>\n\t\t<\/button><figcaption class=\"wp-element-caption\">&#8216;Hilde&#8217; bei Monnem Bike 2024<\/figcaption><\/figure>\n\n\n\n<figure data-wp-context=\"{&quot;imageId&quot;:&quot;69f20962765b2&quot;}\" data-wp-interactive=\"core\/image\" data-wp-key=\"69f20962765b2\" class=\"wp-block-image size-large wp-lightbox-container\"><img loading=\"lazy\" decoding=\"async\" width=\"1024\" height=\"683\" data-wp-class--hide=\"state.isContentHidden\" data-wp-class--show=\"state.isContentVisible\" data-wp-init=\"callbacks.setButtonStyles\" data-wp-on--click=\"actions.showLightbox\" data-wp-on--load=\"callbacks.setButtonStyles\" data-wp-on-window--resize=\"callbacks.setButtonStyles\" data-id=\"10675\" src=\"https:\/\/lastenvelomannheim.de\/wp-content\/uploads\/2025\/01\/2021-09-18-Parking-Day-Lange-Roetterstrasse-1-1024x683.jpg\" alt=\"\" class=\"wp-image-10675\" srcset=\"https:\/\/lastenvelomannheim.de\/wp-content\/uploads\/2025\/01\/2021-09-18-Parking-Day-Lange-Roetterstrasse-1-1024x683.jpg 1024w, https:\/\/lastenvelomannheim.de\/wp-content\/uploads\/2025\/01\/2021-09-18-Parking-Day-Lange-Roetterstrasse-1-300x200.jpg 300w, https:\/\/lastenvelomannheim.de\/wp-content\/uploads\/2025\/01\/2021-09-18-Parking-Day-Lange-Roetterstrasse-1-768x512.jpg 768w, https:\/\/lastenvelomannheim.de\/wp-content\/uploads\/2025\/01\/2021-09-18-Parking-Day-Lange-Roetterstrasse-1-60x40.jpg 60w, https:\/\/lastenvelomannheim.de\/wp-content\/uploads\/2025\/01\/2021-09-18-Parking-Day-Lange-Roetterstrasse-1-100x67.jpg 100w, https:\/\/lastenvelomannheim.de\/wp-content\/uploads\/2025\/01\/2021-09-18-Parking-Day-Lange-Roetterstrasse-1.jpg 1200w\" sizes=\"auto, (max-width: 706px) 89vw, (max-width: 767px) 82vw, 740px\" \/><button\n\t\t\tclass=\"lightbox-trigger\"\n\t\t\ttype=\"button\"\n\t\t\taria-haspopup=\"dialog\"\n\t\t\taria-label=\"Vergr\u00f6\u00dfern\"\n\t\t\tdata-wp-init=\"callbacks.initTriggerButton\"\n\t\t\tdata-wp-on--click=\"actions.showLightbox\"\n\t\t\tdata-wp-style--right=\"state.imageButtonRight\"\n\t\t\tdata-wp-style--top=\"state.imageButtonTop\"\n\t\t>\n\t\t\t<svg xmlns=\"http:\/\/www.w3.org\/2000\/svg\" width=\"12\" height=\"12\" fill=\"none\" viewBox=\"0 0 12 12\">\n\t\t\t\t<path fill=\"#fff\" d=\"M2 0a2 2 0 0 0-2 2v2h1.5V2a.5.5 0 0 1 .5-.5h2V0H2Zm2 10.5H2a.5.5 0 0 1-.5-.5V8H0v2a2 2 0 0 0 2 2h2v-1.5ZM8 12v-1.5h2a.5.5 0 0 0 .5-.5V8H12v2a2 2 0 0 1-2 2H8Zm2-12a2 2 0 0 1 2 2v2h-1.5V2a.5.5 0 0 0-.5-.5H8V0h2Z\" \/>\n\t\t\t<\/svg>\n\t\t<\/button><figcaption class=\"wp-element-caption\">Parkingday Mannheim 2021<\/figcaption><\/figure>\n\n\n\n<figure data-wp-context=\"{&quot;imageId&quot;:&quot;69f20962769fd&quot;}\" data-wp-interactive=\"core\/image\" data-wp-key=\"69f20962769fd\" class=\"wp-block-image size-large wp-lightbox-container\"><img loading=\"lazy\" decoding=\"async\" width=\"1024\" height=\"768\" data-wp-class--hide=\"state.isContentHidden\" data-wp-class--show=\"state.isContentVisible\" data-wp-init=\"callbacks.setButtonStyles\" data-wp-on--click=\"actions.showLightbox\" data-wp-on--load=\"callbacks.setButtonStyles\" data-wp-on-window--resize=\"callbacks.setButtonStyles\" data-id=\"10681\" src=\"https:\/\/lastenvelomannheim.de\/wp-content\/uploads\/2025\/01\/2023-10-Cargo-Bike-Roadshow-IMG_4232-1024x768.jpg\" alt=\"\" class=\"wp-image-10681\" srcset=\"https:\/\/lastenvelomannheim.de\/wp-content\/uploads\/2025\/01\/2023-10-Cargo-Bike-Roadshow-IMG_4232-1024x768.jpg 1024w, https:\/\/lastenvelomannheim.de\/wp-content\/uploads\/2025\/01\/2023-10-Cargo-Bike-Roadshow-IMG_4232-300x225.jpg 300w, https:\/\/lastenvelomannheim.de\/wp-content\/uploads\/2025\/01\/2023-10-Cargo-Bike-Roadshow-IMG_4232-768x576.jpg 768w, https:\/\/lastenvelomannheim.de\/wp-content\/uploads\/2025\/01\/2023-10-Cargo-Bike-Roadshow-IMG_4232-60x45.jpg 60w, https:\/\/lastenvelomannheim.de\/wp-content\/uploads\/2025\/01\/2023-10-Cargo-Bike-Roadshow-IMG_4232-100x75.jpg 100w, https:\/\/lastenvelomannheim.de\/wp-content\/uploads\/2025\/01\/2023-10-Cargo-Bike-Roadshow-IMG_4232.jpg 1200w\" sizes=\"auto, (max-width: 706px) 89vw, (max-width: 767px) 82vw, 740px\" \/><button\n\t\t\tclass=\"lightbox-trigger\"\n\t\t\ttype=\"button\"\n\t\t\taria-haspopup=\"dialog\"\n\t\t\taria-label=\"Vergr\u00f6\u00dfern\"\n\t\t\tdata-wp-init=\"callbacks.initTriggerButton\"\n\t\t\tdata-wp-on--click=\"actions.showLightbox\"\n\t\t\tdata-wp-style--right=\"state.imageButtonRight\"\n\t\t\tdata-wp-style--top=\"state.imageButtonTop\"\n\t\t>\n\t\t\t<svg xmlns=\"http:\/\/www.w3.org\/2000\/svg\" width=\"12\" height=\"12\" fill=\"none\" viewBox=\"0 0 12 12\">\n\t\t\t\t<path fill=\"#fff\" d=\"M2 0a2 2 0 0 0-2 2v2h1.5V2a.5.5 0 0 1 .5-.5h2V0H2Zm2 10.5H2a.5.5 0 0 1-.5-.5V8H0v2a2 2 0 0 0 2 2h2v-1.5ZM8 12v-1.5h2a.5.5 0 0 0 .5-.5V8H12v2a2 2 0 0 1-2 2H8Zm2-12a2 2 0 0 1 2 2v2h-1.5V2a.5.5 0 0 0-.5-.5H8V0h2Z\" \/>\n\t\t\t<\/svg>\n\t\t<\/button><figcaption class=\"wp-element-caption\">Cargo Bike Roadshow 2023<\/figcaption><\/figure>\n<\/figure>\n\n\n\n<h2 class=\"wp-block-heading\">Mach mit bei LaMa!<\/h2>\n\n\n\n<p>Wir bauen die LaMa Flotte weiter aus und bei uns kann sich jede und jeder so einbringen, wie Zeit und Lust vorhanden sind. Du kannst bei einzelnen Projekten dabei sein oder auch regelm\u00e4\u00dfig aktiv werden:<\/p>\n\n\n\n<ul class=\"wp-block-list\">\n<li>RadbetreuerIn werden<\/li>\n\n\n\n<li>R\u00e4der reparieren<\/li>\n\n\n\n<li>Pressemitteilungen und Social Media Posts schreiben<\/li>\n\n\n\n<li>Dein Herzensprojekt anschieben <\/li>\n\n\n\n<li>Handwerken am LaMa Container<\/li>\n\n\n\n<li>Bei Cleanups M\u00fcll sammeln<\/li>\n<\/ul>\n\n\n\n<figure class=\"wp-block-gallery has-nested-images columns-2 is-cropped wp-block-gallery-2 is-layout-flex wp-block-gallery-is-layout-flex\">\n<figure data-wp-context=\"{&quot;imageId&quot;:&quot;69f20962772b2&quot;}\" data-wp-interactive=\"core\/image\" data-wp-key=\"69f20962772b2\" class=\"wp-block-image size-large wp-lightbox-container\"><img loading=\"lazy\" decoding=\"async\" width=\"1024\" height=\"768\" data-wp-class--hide=\"state.isContentHidden\" data-wp-class--show=\"state.isContentVisible\" data-wp-init=\"callbacks.setButtonStyles\" data-wp-on--click=\"actions.showLightbox\" data-wp-on--load=\"callbacks.setButtonStyles\" data-wp-on-window--resize=\"callbacks.setButtonStyles\" data-id=\"10694\" src=\"https:\/\/lastenvelomannheim.de\/wp-content\/uploads\/2025\/01\/2024-12-Weihnachtsfeier-1024x768.jpg\" alt=\"\" class=\"wp-image-10694\" srcset=\"https:\/\/lastenvelomannheim.de\/wp-content\/uploads\/2025\/01\/2024-12-Weihnachtsfeier-1024x768.jpg 1024w, https:\/\/lastenvelomannheim.de\/wp-content\/uploads\/2025\/01\/2024-12-Weihnachtsfeier-300x225.jpg 300w, https:\/\/lastenvelomannheim.de\/wp-content\/uploads\/2025\/01\/2024-12-Weihnachtsfeier-768x576.jpg 768w, https:\/\/lastenvelomannheim.de\/wp-content\/uploads\/2025\/01\/2024-12-Weihnachtsfeier-60x45.jpg 60w, https:\/\/lastenvelomannheim.de\/wp-content\/uploads\/2025\/01\/2024-12-Weihnachtsfeier-100x75.jpg 100w, https:\/\/lastenvelomannheim.de\/wp-content\/uploads\/2025\/01\/2024-12-Weihnachtsfeier.jpg 1200w\" sizes=\"auto, (max-width: 706px) 89vw, (max-width: 767px) 82vw, 740px\" \/><button\n\t\t\tclass=\"lightbox-trigger\"\n\t\t\ttype=\"button\"\n\t\t\taria-haspopup=\"dialog\"\n\t\t\taria-label=\"Vergr\u00f6\u00dfern\"\n\t\t\tdata-wp-init=\"callbacks.initTriggerButton\"\n\t\t\tdata-wp-on--click=\"actions.showLightbox\"\n\t\t\tdata-wp-style--right=\"state.imageButtonRight\"\n\t\t\tdata-wp-style--top=\"state.imageButtonTop\"\n\t\t>\n\t\t\t<svg xmlns=\"http:\/\/www.w3.org\/2000\/svg\" width=\"12\" height=\"12\" fill=\"none\" viewBox=\"0 0 12 12\">\n\t\t\t\t<path fill=\"#fff\" d=\"M2 0a2 2 0 0 0-2 2v2h1.5V2a.5.5 0 0 1 .5-.5h2V0H2Zm2 10.5H2a.5.5 0 0 1-.5-.5V8H0v2a2 2 0 0 0 2 2h2v-1.5ZM8 12v-1.5h2a.5.5 0 0 0 .5-.5V8H12v2a2 2 0 0 1-2 2H8Zm2-12a2 2 0 0 1 2 2v2h-1.5V2a.5.5 0 0 0-.5-.5H8V0h2Z\" \/>\n\t\t\t<\/svg>\n\t\t<\/button><figcaption class=\"wp-element-caption\">LaMa Weihnachtsfeier 2024  <\/figcaption><\/figure>\n\n\n\n<figure data-wp-context=\"{&quot;imageId&quot;:&quot;69f2096277685&quot;}\" data-wp-interactive=\"core\/image\" data-wp-key=\"69f2096277685\" class=\"wp-block-image size-large wp-lightbox-container\"><img loading=\"lazy\" decoding=\"async\" width=\"1024\" height=\"604\" data-wp-class--hide=\"state.isContentHidden\" data-wp-class--show=\"state.isContentVisible\" data-wp-init=\"callbacks.setButtonStyles\" data-wp-on--click=\"actions.showLightbox\" data-wp-on--load=\"callbacks.setButtonStyles\" data-wp-on-window--resize=\"callbacks.setButtonStyles\" data-id=\"10698\" src=\"https:\/\/lastenvelomannheim.de\/wp-content\/uploads\/2025\/01\/2024-02-VFL-Treffen-ffl2024-marburg-gruppe-wide-1030x608-1-1024x604.jpg\" alt=\"\" class=\"wp-image-10698\" srcset=\"https:\/\/lastenvelomannheim.de\/wp-content\/uploads\/2025\/01\/2024-02-VFL-Treffen-ffl2024-marburg-gruppe-wide-1030x608-1-1024x604.jpg 1024w, https:\/\/lastenvelomannheim.de\/wp-content\/uploads\/2025\/01\/2024-02-VFL-Treffen-ffl2024-marburg-gruppe-wide-1030x608-1-300x177.jpg 300w, https:\/\/lastenvelomannheim.de\/wp-content\/uploads\/2025\/01\/2024-02-VFL-Treffen-ffl2024-marburg-gruppe-wide-1030x608-1-768x453.jpg 768w, https:\/\/lastenvelomannheim.de\/wp-content\/uploads\/2025\/01\/2024-02-VFL-Treffen-ffl2024-marburg-gruppe-wide-1030x608-1-60x35.jpg 60w, https:\/\/lastenvelomannheim.de\/wp-content\/uploads\/2025\/01\/2024-02-VFL-Treffen-ffl2024-marburg-gruppe-wide-1030x608-1-100x59.jpg 100w, https:\/\/lastenvelomannheim.de\/wp-content\/uploads\/2025\/01\/2024-02-VFL-Treffen-ffl2024-marburg-gruppe-wide-1030x608-1.jpg 1200w\" sizes=\"auto, (max-width: 706px) 89vw, (max-width: 767px) 82vw, 740px\" \/><button\n\t\t\tclass=\"lightbox-trigger\"\n\t\t\ttype=\"button\"\n\t\t\taria-haspopup=\"dialog\"\n\t\t\taria-label=\"Vergr\u00f6\u00dfern\"\n\t\t\tdata-wp-init=\"callbacks.initTriggerButton\"\n\t\t\tdata-wp-on--click=\"actions.showLightbox\"\n\t\t\tdata-wp-style--right=\"state.imageButtonRight\"\n\t\t\tdata-wp-style--top=\"state.imageButtonTop\"\n\t\t>\n\t\t\t<svg xmlns=\"http:\/\/www.w3.org\/2000\/svg\" width=\"12\" height=\"12\" fill=\"none\" viewBox=\"0 0 12 12\">\n\t\t\t\t<path fill=\"#fff\" d=\"M2 0a2 2 0 0 0-2 2v2h1.5V2a.5.5 0 0 1 .5-.5h2V0H2Zm2 10.5H2a.5.5 0 0 1-.5-.5V8H0v2a2 2 0 0 0 2 2h2v-1.5ZM8 12v-1.5h2a.5.5 0 0 0 .5-.5V8H12v2a2 2 0 0 1-2 2H8Zm2-12a2 2 0 0 1 2 2v2h-1.5V2a.5.5 0 0 0-.5-.5H8V0h2Z\" \/>\n\t\t\t<\/svg>\n\t\t<\/button><figcaption class=\"wp-element-caption\">Treffen Forum Freie Lastenr\u00e4der 2024 <\/figcaption><\/figure>\n\n\n\n<figure data-wp-context=\"{&quot;imageId&quot;:&quot;69f2096277a00&quot;}\" data-wp-interactive=\"core\/image\" data-wp-key=\"69f2096277a00\" class=\"wp-block-image size-large wp-lightbox-container\"><img loading=\"lazy\" decoding=\"async\" width=\"1024\" height=\"768\" data-wp-class--hide=\"state.isContentHidden\" data-wp-class--show=\"state.isContentVisible\" data-wp-init=\"callbacks.setButtonStyles\" data-wp-on--click=\"actions.showLightbox\" data-wp-on--load=\"callbacks.setButtonStyles\" data-wp-on-window--resize=\"callbacks.setButtonStyles\" data-id=\"10693\" src=\"https:\/\/lastenvelomannheim.de\/wp-content\/uploads\/2025\/01\/2024-09-Freiwilligentag-Rhein-Neckar-4032-3024-max-3-1024x768.jpg\" alt=\"\" class=\"wp-image-10693\" srcset=\"https:\/\/lastenvelomannheim.de\/wp-content\/uploads\/2025\/01\/2024-09-Freiwilligentag-Rhein-Neckar-4032-3024-max-3-1024x768.jpg 1024w, https:\/\/lastenvelomannheim.de\/wp-content\/uploads\/2025\/01\/2024-09-Freiwilligentag-Rhein-Neckar-4032-3024-max-3-300x225.jpg 300w, https:\/\/lastenvelomannheim.de\/wp-content\/uploads\/2025\/01\/2024-09-Freiwilligentag-Rhein-Neckar-4032-3024-max-3-768x576.jpg 768w, https:\/\/lastenvelomannheim.de\/wp-content\/uploads\/2025\/01\/2024-09-Freiwilligentag-Rhein-Neckar-4032-3024-max-3-60x45.jpg 60w, https:\/\/lastenvelomannheim.de\/wp-content\/uploads\/2025\/01\/2024-09-Freiwilligentag-Rhein-Neckar-4032-3024-max-3-100x75.jpg 100w, https:\/\/lastenvelomannheim.de\/wp-content\/uploads\/2025\/01\/2024-09-Freiwilligentag-Rhein-Neckar-4032-3024-max-3.jpg 1200w\" sizes=\"auto, (max-width: 706px) 89vw, (max-width: 767px) 82vw, 740px\" \/><button\n\t\t\tclass=\"lightbox-trigger\"\n\t\t\ttype=\"button\"\n\t\t\taria-haspopup=\"dialog\"\n\t\t\taria-label=\"Vergr\u00f6\u00dfern\"\n\t\t\tdata-wp-init=\"callbacks.initTriggerButton\"\n\t\t\tdata-wp-on--click=\"actions.showLightbox\"\n\t\t\tdata-wp-style--right=\"state.imageButtonRight\"\n\t\t\tdata-wp-style--top=\"state.imageButtonTop\"\n\t\t>\n\t\t\t<svg xmlns=\"http:\/\/www.w3.org\/2000\/svg\" width=\"12\" height=\"12\" fill=\"none\" viewBox=\"0 0 12 12\">\n\t\t\t\t<path fill=\"#fff\" d=\"M2 0a2 2 0 0 0-2 2v2h1.5V2a.5.5 0 0 1 .5-.5h2V0H2Zm2 10.5H2a.5.5 0 0 1-.5-.5V8H0v2a2 2 0 0 0 2 2h2v-1.5ZM8 12v-1.5h2a.5.5 0 0 0 .5-.5V8H12v2a2 2 0 0 1-2 2H8Zm2-12a2 2 0 0 1 2 2v2h-1.5V2a.5.5 0 0 0-.5-.5H8V0h2Z\" \/>\n\t\t\t<\/svg>\n\t\t<\/button><figcaption class=\"wp-element-caption\">Ausbau des LaMa Containers beim Freiwilligentag 2024<\/figcaption><\/figure>\n\n\n\n<figure data-wp-context=\"{&quot;imageId&quot;:&quot;69f2096277d42&quot;}\" data-wp-interactive=\"core\/image\" data-wp-key=\"69f2096277d42\" class=\"wp-block-image size-large wp-lightbox-container\"><img loading=\"lazy\" decoding=\"async\" width=\"1024\" height=\"768\" data-wp-class--hide=\"state.isContentHidden\" data-wp-class--show=\"state.isContentVisible\" data-wp-init=\"callbacks.setButtonStyles\" data-wp-on--click=\"actions.showLightbox\" data-wp-on--load=\"callbacks.setButtonStyles\" data-wp-on-window--resize=\"callbacks.setButtonStyles\" data-id=\"10685\" src=\"https:\/\/lastenvelomannheim.de\/wp-content\/uploads\/2025\/01\/2024-06-Aktion-24_170318-1024x768.jpg\" alt=\"\" class=\"wp-image-10685\" srcset=\"https:\/\/lastenvelomannheim.de\/wp-content\/uploads\/2025\/01\/2024-06-Aktion-24_170318-1024x768.jpg 1024w, https:\/\/lastenvelomannheim.de\/wp-content\/uploads\/2025\/01\/2024-06-Aktion-24_170318-300x225.jpg 300w, https:\/\/lastenvelomannheim.de\/wp-content\/uploads\/2025\/01\/2024-06-Aktion-24_170318-768x576.jpg 768w, https:\/\/lastenvelomannheim.de\/wp-content\/uploads\/2025\/01\/2024-06-Aktion-24_170318-60x45.jpg 60w, https:\/\/lastenvelomannheim.de\/wp-content\/uploads\/2025\/01\/2024-06-Aktion-24_170318-100x75.jpg 100w, https:\/\/lastenvelomannheim.de\/wp-content\/uploads\/2025\/01\/2024-06-Aktion-24_170318.jpg 1200w\" sizes=\"auto, (max-width: 706px) 89vw, (max-width: 767px) 82vw, 740px\" \/><button\n\t\t\tclass=\"lightbox-trigger\"\n\t\t\ttype=\"button\"\n\t\t\taria-haspopup=\"dialog\"\n\t\t\taria-label=\"Vergr\u00f6\u00dfern\"\n\t\t\tdata-wp-init=\"callbacks.initTriggerButton\"\n\t\t\tdata-wp-on--click=\"actions.showLightbox\"\n\t\t\tdata-wp-style--right=\"state.imageButtonRight\"\n\t\t\tdata-wp-style--top=\"state.imageButtonTop\"\n\t\t>\n\t\t\t<svg xmlns=\"http:\/\/www.w3.org\/2000\/svg\" width=\"12\" height=\"12\" fill=\"none\" viewBox=\"0 0 12 12\">\n\t\t\t\t<path fill=\"#fff\" d=\"M2 0a2 2 0 0 0-2 2v2h1.5V2a.5.5 0 0 1 .5-.5h2V0H2Zm2 10.5H2a.5.5 0 0 1-.5-.5V8H0v2a2 2 0 0 0 2 2h2v-1.5ZM8 12v-1.5h2a.5.5 0 0 0 .5-.5V8H12v2a2 2 0 0 1-2 2H8Zm2-12a2 2 0 0 1 2 2v2h-1.5V2a.5.5 0 0 0-.5-.5H8V0h2Z\" \/>\n\t\t\t<\/svg>\n\t\t<\/button><figcaption class=\"wp-element-caption\">&#8216;ERika&#8217; und &#8216;Billie&#8217; Aktionswoche 2024<\/figcaption><\/figure>\n\n\n\n<figure data-wp-context=\"{&quot;imageId&quot;:&quot;69f209627803b&quot;}\" data-wp-interactive=\"core\/image\" data-wp-key=\"69f209627803b\" class=\"wp-block-image size-full wp-lightbox-container\"><img loading=\"lazy\" decoding=\"async\" width=\"700\" height=\"553\" data-wp-class--hide=\"state.isContentHidden\" data-wp-class--show=\"state.isContentVisible\" data-wp-init=\"callbacks.setButtonStyles\" data-wp-on--click=\"actions.showLightbox\" data-wp-on--load=\"callbacks.setButtonStyles\" data-wp-on-window--resize=\"callbacks.setButtonStyles\" data-id=\"8245\" src=\"https:\/\/lastenvelomannheim.de\/wp-content\/uploads\/2024\/07\/einweisung-700.jpg\" alt=\"\" class=\"wp-image-8245\" srcset=\"https:\/\/lastenvelomannheim.de\/wp-content\/uploads\/2024\/07\/einweisung-700.jpg 700w, https:\/\/lastenvelomannheim.de\/wp-content\/uploads\/2024\/07\/einweisung-700-300x237.jpg 300w, https:\/\/lastenvelomannheim.de\/wp-content\/uploads\/2024\/07\/einweisung-700-60x47.jpg 60w, https:\/\/lastenvelomannheim.de\/wp-content\/uploads\/2024\/07\/einweisung-700-100x79.jpg 100w\" sizes=\"auto, (max-width: 700px) 100vw, 700px\" \/><button\n\t\t\tclass=\"lightbox-trigger\"\n\t\t\ttype=\"button\"\n\t\t\taria-haspopup=\"dialog\"\n\t\t\taria-label=\"Vergr\u00f6\u00dfern\"\n\t\t\tdata-wp-init=\"callbacks.initTriggerButton\"\n\t\t\tdata-wp-on--click=\"actions.showLightbox\"\n\t\t\tdata-wp-style--right=\"state.imageButtonRight\"\n\t\t\tdata-wp-style--top=\"state.imageButtonTop\"\n\t\t>\n\t\t\t<svg xmlns=\"http:\/\/www.w3.org\/2000\/svg\" width=\"12\" height=\"12\" fill=\"none\" viewBox=\"0 0 12 12\">\n\t\t\t\t<path fill=\"#fff\" d=\"M2 0a2 2 0 0 0-2 2v2h1.5V2a.5.5 0 0 1 .5-.5h2V0H2Zm2 10.5H2a.5.5 0 0 1-.5-.5V8H0v2a2 2 0 0 0 2 2h2v-1.5ZM8 12v-1.5h2a.5.5 0 0 0 .5-.5V8H12v2a2 2 0 0 1-2 2H8Zm2-12a2 2 0 0 1 2 2v2h-1.5V2a.5.5 0 0 0-.5-.5H8V0h2Z\" \/>\n\t\t\t<\/svg>\n\t\t<\/button><figcaption class=\"wp-element-caption\">Einweisung in &#8216;Billie&#8217; 2024<\/figcaption><\/figure>\n\n\n\n<figure data-wp-context=\"{&quot;imageId&quot;:&quot;69f2096278388&quot;}\" data-wp-interactive=\"core\/image\" data-wp-key=\"69f2096278388\" class=\"wp-block-image size-large wp-lightbox-container\"><img loading=\"lazy\" decoding=\"async\" width=\"1019\" height=\"891\" data-wp-class--hide=\"state.isContentHidden\" data-wp-class--show=\"state.isContentVisible\" data-wp-init=\"callbacks.setButtonStyles\" data-wp-on--click=\"actions.showLightbox\" data-wp-on--load=\"callbacks.setButtonStyles\" data-wp-on-window--resize=\"callbacks.setButtonStyles\" data-id=\"10534\" src=\"https:\/\/lastenvelomannheim.de\/wp-content\/uploads\/2021\/12\/billie_ausflug.jpg\" alt=\"Barrierefreie Ausfl\u00fcge mit dem Rollstuhlrad Billie\" class=\"wp-image-10534\" srcset=\"https:\/\/lastenvelomannheim.de\/wp-content\/uploads\/2021\/12\/billie_ausflug.jpg 1019w, https:\/\/lastenvelomannheim.de\/wp-content\/uploads\/2021\/12\/billie_ausflug-300x262.jpg 300w, https:\/\/lastenvelomannheim.de\/wp-content\/uploads\/2021\/12\/billie_ausflug-768x672.jpg 768w, https:\/\/lastenvelomannheim.de\/wp-content\/uploads\/2021\/12\/billie_ausflug-60x52.jpg 60w, https:\/\/lastenvelomannheim.de\/wp-content\/uploads\/2021\/12\/billie_ausflug-100x87.jpg 100w\" sizes=\"auto, (max-width: 706px) 89vw, (max-width: 767px) 82vw, 740px\" \/><button\n\t\t\tclass=\"lightbox-trigger\"\n\t\t\ttype=\"button\"\n\t\t\taria-haspopup=\"dialog\"\n\t\t\taria-label=\"Vergr\u00f6\u00dfern\"\n\t\t\tdata-wp-init=\"callbacks.initTriggerButton\"\n\t\t\tdata-wp-on--click=\"actions.showLightbox\"\n\t\t\tdata-wp-style--right=\"state.imageButtonRight\"\n\t\t\tdata-wp-style--top=\"state.imageButtonTop\"\n\t\t>\n\t\t\t<svg xmlns=\"http:\/\/www.w3.org\/2000\/svg\" width=\"12\" height=\"12\" fill=\"none\" viewBox=\"0 0 12 12\">\n\t\t\t\t<path fill=\"#fff\" d=\"M2 0a2 2 0 0 0-2 2v2h1.5V2a.5.5 0 0 1 .5-.5h2V0H2Zm2 10.5H2a.5.5 0 0 1-.5-.5V8H0v2a2 2 0 0 0 2 2h2v-1.5ZM8 12v-1.5h2a.5.5 0 0 0 .5-.5V8H12v2a2 2 0 0 1-2 2H8Zm2-12a2 2 0 0 1 2 2v2h-1.5V2a.5.5 0 0 0-.5-.5H8V0h2Z\" \/>\n\t\t\t<\/svg>\n\t\t<\/button><figcaption class=\"wp-element-caption\">Ausfahrt mit &#8216;Billie&#8217; 2023<\/figcaption><\/figure>\n\n\n\n<figure data-wp-context=\"{&quot;imageId&quot;:&quot;69f209627867c&quot;}\" data-wp-interactive=\"core\/image\" data-wp-key=\"69f209627867c\" class=\"wp-block-image size-large wp-lightbox-container\"><img loading=\"lazy\" decoding=\"async\" width=\"1024\" height=\"683\" data-wp-class--hide=\"state.isContentHidden\" data-wp-class--show=\"state.isContentVisible\" data-wp-init=\"callbacks.setButtonStyles\" data-wp-on--click=\"actions.showLightbox\" data-wp-on--load=\"callbacks.setButtonStyles\" data-wp-on-window--resize=\"callbacks.setButtonStyles\" data-id=\"10674\" src=\"https:\/\/lastenvelomannheim.de\/wp-content\/uploads\/2025\/01\/2021-09-LaMa-Putzaktion-Sept2021-ohne-watermark-1024x683.jpg\" alt=\"\" class=\"wp-image-10674\" srcset=\"https:\/\/lastenvelomannheim.de\/wp-content\/uploads\/2025\/01\/2021-09-LaMa-Putzaktion-Sept2021-ohne-watermark-1024x683.jpg 1024w, https:\/\/lastenvelomannheim.de\/wp-content\/uploads\/2025\/01\/2021-09-LaMa-Putzaktion-Sept2021-ohne-watermark-300x200.jpg 300w, https:\/\/lastenvelomannheim.de\/wp-content\/uploads\/2025\/01\/2021-09-LaMa-Putzaktion-Sept2021-ohne-watermark-768x512.jpg 768w, https:\/\/lastenvelomannheim.de\/wp-content\/uploads\/2025\/01\/2021-09-LaMa-Putzaktion-Sept2021-ohne-watermark-60x40.jpg 60w, https:\/\/lastenvelomannheim.de\/wp-content\/uploads\/2025\/01\/2021-09-LaMa-Putzaktion-Sept2021-ohne-watermark-100x67.jpg 100w, https:\/\/lastenvelomannheim.de\/wp-content\/uploads\/2025\/01\/2021-09-LaMa-Putzaktion-Sept2021-ohne-watermark.jpg 1200w\" sizes=\"auto, (max-width: 706px) 89vw, (max-width: 767px) 82vw, 740px\" \/><button\n\t\t\tclass=\"lightbox-trigger\"\n\t\t\ttype=\"button\"\n\t\t\taria-haspopup=\"dialog\"\n\t\t\taria-label=\"Vergr\u00f6\u00dfern\"\n\t\t\tdata-wp-init=\"callbacks.initTriggerButton\"\n\t\t\tdata-wp-on--click=\"actions.showLightbox\"\n\t\t\tdata-wp-style--right=\"state.imageButtonRight\"\n\t\t\tdata-wp-style--top=\"state.imageButtonTop\"\n\t\t>\n\t\t\t<svg xmlns=\"http:\/\/www.w3.org\/2000\/svg\" width=\"12\" height=\"12\" fill=\"none\" viewBox=\"0 0 12 12\">\n\t\t\t\t<path fill=\"#fff\" d=\"M2 0a2 2 0 0 0-2 2v2h1.5V2a.5.5 0 0 1 .5-.5h2V0H2Zm2 10.5H2a.5.5 0 0 1-.5-.5V8H0v2a2 2 0 0 0 2 2h2v-1.5ZM8 12v-1.5h2a.5.5 0 0 0 .5-.5V8H12v2a2 2 0 0 1-2 2H8Zm2-12a2 2 0 0 1 2 2v2h-1.5V2a.5.5 0 0 0-.5-.5H8V0h2Z\" \/>\n\t\t\t<\/svg>\n\t\t<\/button><figcaption class=\"wp-element-caption\">Cleanup am Rhein in 2021<\/figcaption><\/figure>\n<\/figure>\n\n\n\n<h2 class=\"wp-block-heading\">Werde ein LaMa Vereinsmitglied<\/h2>\n\n\n\n<p>Mach mit bei LaMa und st\u00e4rke damit nachhaltige Mobilit\u00e4t in Mannheim und Umgebung.  Hier findes du weitere Informationen und den Mitgliedsantrag:<\/p>\n\n\n\n<p><a href=\"https:\/\/lastenvelomannheim.de\/?page_id=198\"><mark style=\"background-color:rgba(0, 0, 0, 0)\" class=\"has-inline-color has-vivid-cyan-blue-color\"><strong>Mitglied werden \u2013 LaMa \u2013 Dein Lastenvelo Mannheim<\/strong><\/mark><\/a><\/p>\n\n\n\n<p><\/p>\n\n\n\n<p><\/p>\n","protected":false},"excerpt":{"rendered":"<p>LaMa ist ein gemeinn\u00fctziger Verein, der kostenlos Lastenr\u00e4der verleiht. Unsere R\u00e4der werden von Ehrenamtlichen betreut und sie transportieren Eink\u00e4ufe, Kinder und auch kleine Umz\u00fcge sind mit ihnen m\u00f6glich. Da die Anschaffung eines Lastenrades teuer ist, erm\u00f6glichen wir dir eine Ausleihe auf Spendenbasis. Mit dieser Idee haben wir im Jahr 2022 den Beteiligungshaushalt Mannheim gewonnen, mit &hellip; <\/p>\n<p class=\"link-more\"><a href=\"https:\/\/lastenvelomannheim.de\/?page_id=10670\" class=\"more-link\"><span class=\"screen-reader-text\">\u201e\u00dcber LaMa\u201c <\/span>weiterlesen<\/a><\/p>\n","protected":false},"author":151,"featured_media":10673,"parent":0,"menu_order":0,"comment_status":"closed","ping_status":"closed","template":"","meta":{"footnotes":""},"class_list":["post-10670","page","type-page","status-publish","has-post-thumbnail","hentry"],"_links":{"self":[{"href":"https:\/\/lastenvelomannheim.de\/index.php?rest_route=\/wp\/v2\/pages\/10670","targetHints":{"allow":["GET"]}}],"collection":[{"href":"https:\/\/lastenvelomannheim.de\/index.php?rest_route=\/wp\/v2\/pages"}],"about":[{"href":"https:\/\/lastenvelomannheim.de\/index.php?rest_route=\/wp\/v2\/types\/page"}],"author":[{"embeddable":true,"href":"https:\/\/lastenvelomannheim.de\/index.php?rest_route=\/wp\/v2\/users\/151"}],"replies":[{"embeddable":true,"href":"https:\/\/lastenvelomannheim.de\/index.php?rest_route=%2Fwp%2Fv2%2Fcomments&post=10670"}],"version-history":[{"count":24,"href":"https:\/\/lastenvelomannheim.de\/index.php?rest_route=\/wp\/v2\/pages\/10670\/revisions"}],"predecessor-version":[{"id":10970,"href":"https:\/\/lastenvelomannheim.de\/index.php?rest_route=\/wp\/v2\/pages\/10670\/revisions\/10970"}],"wp:featuredmedia":[{"embeddable":true,"href":"https:\/\/lastenvelomannheim.de\/index.php?rest_route=\/wp\/v2\/media\/10673"}],"wp:attachment":[{"href":"https:\/\/lastenvelomannheim.de\/index.php?rest_route=%2Fwp%2Fv2%2Fmedia&parent=10670"}],"curies":[{"name":"wp","href":"https:\/\/api.w.org\/{rel}","templated":true}]}}