{"id":9304,"date":"2024-09-18T21:44:49","date_gmt":"2024-09-18T19:44:49","guid":{"rendered":"https:\/\/lastenvelomannheim.de\/?post_type=cb_item&#038;p=9304"},"modified":"2025-08-06T18:13:42","modified_gmt":"2025-08-06T16:13:42","slug":"beryl","status":"publish","type":"cb_item","link":"https:\/\/lastenvelomannheim.de\/?cb_item=beryl","title":{"rendered":"#Beryl"},"content":{"rendered":"\n<p>Beryl ist ein zweir\u00e4driges Lastenrad mit einem Vorderkorb vom Hersteller Bullit. Es hat eine elektrische Motorunterst\u00fctzung und ist sehr wendig, Eine Sattelst\u00fctze mit super Federung ist montiert, es k\u00f6nnen zwei Kinder (ca. 1,5 \u2013 6 Jahre) angeschnallt werden.<\/p>\n\n\n\n<p>Achtung: der Schl\u00fcssel ist nicht fest im Schloss, vor der Fahrt <strong>den Schl\u00fcssel bitte abziehen! <\/strong> Der Schl\u00fcssel hakt etwas, den Riegel am Rahmenschloss etwas bewegen, dann l\u00e4sst sich der Schl\u00fcssel herausziehen. <\/p>\n\n\n\n<p><a href=\"https:\/\/lastenvelomannheim.de\/?page_id=141\">So funktioniert die Ausleihe<\/a>, auch auf&nbsp;<a href=\"https:\/\/lastenvelomannheim.de\/?page_id=141#TR\">T\u00fcrk\u00e7e<\/a>,&nbsp;&nbsp;<a href=\"https:\/\/lastenvelomannheim.de\/?page_id=141#PO\">Polski<\/a>,&nbsp;&nbsp;<a href=\"https:\/\/lastenvelomannheim.de\/?page_id=141#IT\">Italiano<\/a>,&nbsp;<a href=\"https:\/\/lastenvelomannheim.de\/?page_id=141#RO\">Rromani<\/a>,&nbsp;&nbsp;<a href=\"https:\/\/lastenvelomannheim.de\/?page_id=141#BG\">\u0411\u044a\u043b\u0433\u0430\u0440\u0441\u043a\u0438<\/a>,&nbsp;&nbsp;<a href=\"https:\/\/lastenvelomannheim.de\/?page_id=141#KR\">Hrvatski<\/a><\/p>\n\n\n\n<p><\/p>\n","protected":false},"excerpt":{"rendered":"<p>Beryl ist ein zweir\u00e4driges Lastenrad mit einem Vorderkorb vom Hersteller Bullit. Es hat eine elektrische Motorunterst\u00fctzung und ist sehr wendig, Eine Sattelst\u00fctze mit super Federung ist montiert, es k\u00f6nnen zwei Kinder (ca. 1,5 \u2013 6 Jahre) angeschnallt werden.<\/p>\n","protected":false},"author":151,"featured_media":12084,"template":"","meta":{"footnotes":""},"cb_items_category":[33,10,41,31,40],"class_list":["post-9304","cb_item","type-cb_item","status-publish","has-post-thumbnail","hentry","cb_items_category-2-raeder","cb_items_category-alle","cb_items_category-kindertransport","cb_items_category-elektrischer-antrieb","cb_items_category-regenverdeck"],"_links":{"self":[{"href":"https:\/\/lastenvelomannheim.de\/index.php?rest_route=\/wp\/v2\/cb_item\/9304","targetHints":{"allow":["GET"]}}],"collection":[{"href":"https:\/\/lastenvelomannheim.de\/index.php?rest_route=\/wp\/v2\/cb_item"}],"about":[{"href":"https:\/\/lastenvelomannheim.de\/index.php?rest_route=\/wp\/v2\/types\/cb_item"}],"author":[{"embeddable":true,"href":"https:\/\/lastenvelomannheim.de\/index.php?rest_route=\/wp\/v2\/users\/151"}],"version-history":[{"count":2,"href":"https:\/\/lastenvelomannheim.de\/index.php?rest_route=\/wp\/v2\/cb_item\/9304\/revisions"}],"predecessor-version":[{"id":13250,"href":"https:\/\/lastenvelomannheim.de\/index.php?rest_route=\/wp\/v2\/cb_item\/9304\/revisions\/13250"}],"wp:featuredmedia":[{"embeddable":true,"href":"https:\/\/lastenvelomannheim.de\/index.php?rest_route=\/wp\/v2\/media\/12084"}],"wp:attachment":[{"href":"https:\/\/lastenvelomannheim.de\/index.php?rest_route=%2Fwp%2Fv2%2Fmedia&parent=9304"}],"wp:term":[{"taxonomy":"cb_items_category","embeddable":true,"href":"https:\/\/lastenvelomannheim.de\/index.php?rest_route=%2Fwp%2Fv2%2Fcb_items_category&post=9304"}],"curies":[{"name":"wp","href":"https:\/\/api.w.org\/{rel}","templated":true}]}}