{"id":8649,"date":"2024-08-04T18:40:10","date_gmt":"2024-08-04T16:40:10","guid":{"rendered":"https:\/\/lastenvelomannheim.de\/?post_type=cb_item&#038;p=8649"},"modified":"2025-07-16T21:10:36","modified_gmt":"2025-07-16T19:10:36","slug":"hanka","status":"publish","type":"cb_item","link":"https:\/\/lastenvelomannheim.de\/?cb_item=hanka","title":{"rendered":"#Hanka"},"content":{"rendered":"\n<p>Hanka ist ein zweir\u00e4driges Lastenrad, mit Frontloader von Yuba Typ Supercargo mit elektrischer Unterst\u00fctzung. Sie hat eine Regenplane und eine Sattelst\u00fctze mit super Federung ist montiert. Es k\u00f6nnen zwei Kinder (ca. 1,5 \u2013 6 Jahre) angeschnallt werden.<\/p>\n\n\n\n<p>Zuladung max.: 160 kg (inklusive Fahrer*in)<br>Gewicht: 40 kg<br>Ma\u00dfe Rad: 260 x 76 cm<\/p>\n\n\n\n<p><a href=\"https:\/\/lastenvelomannheim.de\/?page_id=141\">So funktioniert die Ausleihe<\/a>, auch auf&nbsp;<a href=\"https:\/\/lastenvelomannheim.de\/?page_id=141#TR\">T\u00fcrk\u00e7e<\/a>,&nbsp;&nbsp;<a href=\"https:\/\/lastenvelomannheim.de\/?page_id=141#PO\">Polski<\/a>,&nbsp;&nbsp;<a href=\"https:\/\/lastenvelomannheim.de\/?page_id=141#IT\">Italiano<\/a>,&nbsp;<a href=\"https:\/\/lastenvelomannheim.de\/?page_id=141#RO\">Rromani<\/a>,&nbsp;&nbsp;<a href=\"https:\/\/lastenvelomannheim.de\/?page_id=141#BG\">\u0411\u044a\u043b\u0433\u0430\u0440\u0441\u043a\u0438<\/a>,&nbsp;&nbsp;<a href=\"https:\/\/lastenvelomannheim.de\/?page_id=141#KR\">Hrvatski<\/a><\/p>\n","protected":false},"excerpt":{"rendered":"<p>Hanka ist ein zweir\u00e4driges Lastenrad, mit Frontloader von Yuba Typ Supercargo mit elektrischer Unterst\u00fctzung. Sie hat eine Regenplane und eine Sattelst\u00fctze mit super Federung ist montiert. Es k\u00f6nnen zwei Kinder (ca. 1,5 \u2013 6 Jahre) angeschnallt werden.<\/p>\n","protected":false},"author":151,"featured_media":6219,"template":"","meta":{"footnotes":""},"cb_items_category":[33,41,31,30,40],"class_list":["post-8649","cb_item","type-cb_item","status-publish","has-post-thumbnail","hentry","cb_items_category-2-raeder","cb_items_category-kindertransport","cb_items_category-elektrischer-antrieb","cb_items_category-outoforder","cb_items_category-regenverdeck"],"_links":{"self":[{"href":"https:\/\/lastenvelomannheim.de\/index.php?rest_route=\/wp\/v2\/cb_item\/8649","targetHints":{"allow":["GET"]}}],"collection":[{"href":"https:\/\/lastenvelomannheim.de\/index.php?rest_route=\/wp\/v2\/cb_item"}],"about":[{"href":"https:\/\/lastenvelomannheim.de\/index.php?rest_route=\/wp\/v2\/types\/cb_item"}],"author":[{"embeddable":true,"href":"https:\/\/lastenvelomannheim.de\/index.php?rest_route=\/wp\/v2\/users\/151"}],"version-history":[{"count":3,"href":"https:\/\/lastenvelomannheim.de\/index.php?rest_route=\/wp\/v2\/cb_item\/8649\/revisions"}],"predecessor-version":[{"id":12903,"href":"https:\/\/lastenvelomannheim.de\/index.php?rest_route=\/wp\/v2\/cb_item\/8649\/revisions\/12903"}],"wp:featuredmedia":[{"embeddable":true,"href":"https:\/\/lastenvelomannheim.de\/index.php?rest_route=\/wp\/v2\/media\/6219"}],"wp:attachment":[{"href":"https:\/\/lastenvelomannheim.de\/index.php?rest_route=%2Fwp%2Fv2%2Fmedia&parent=8649"}],"wp:term":[{"taxonomy":"cb_items_category","embeddable":true,"href":"https:\/\/lastenvelomannheim.de\/index.php?rest_route=%2Fwp%2Fv2%2Fcb_items_category&post=8649"}],"curies":[{"name":"wp","href":"https:\/\/api.w.org\/{rel}","templated":true}]}}