{"id":8645,"date":"2024-08-04T18:29:17","date_gmt":"2024-08-04T16:29:17","guid":{"rendered":"https:\/\/lastenvelomannheim.de\/?post_type=cb_item&#038;p=8645"},"modified":"2025-07-16T22:48:25","modified_gmt":"2025-07-16T20:48:25","slug":"hedda","status":"publish","type":"cb_item","link":"https:\/\/lastenvelomannheim.de\/?cb_item=hedda","title":{"rendered":"#Hedda"},"content":{"rendered":"\n<p>Hedda ist ein zweir\u00e4driges Lastenrad, mit Frontloader von Yuba Typ Supercargo mit elektrischer Unterst\u00fctzung. Sie hat eine Regenplane und eine Sattelst\u00fctze mit super Federung. Es k\u00f6nnen zwei Kinder (ca. 1,5 \u2013 6 Jahre) angeschnallt werden.<\/p>\n\n\n\n<p>Zuladung max.: 160 kg (inklusive Fahrer*in)<br>Gewicht: 40 kg<br>Ma\u00dfe Rad: 260 x 76 cm<\/p>\n\n\n\n<p><a href=\"https:\/\/lastenvelomannheim.de\/?page_id=141\">So funktioniert die Ausleihe<\/a>, auch auf&nbsp;<a href=\"https:\/\/lastenvelomannheim.de\/?page_id=141#TR\">T\u00fcrk\u00e7e<\/a>,&nbsp;&nbsp;<a href=\"https:\/\/lastenvelomannheim.de\/?page_id=141#PO\">Polski<\/a>,&nbsp;&nbsp;<a href=\"https:\/\/lastenvelomannheim.de\/?page_id=141#IT\">Italiano<\/a>,&nbsp;<a href=\"https:\/\/lastenvelomannheim.de\/?page_id=141#RO\">Rromani<\/a>,&nbsp;&nbsp;<a href=\"https:\/\/lastenvelomannheim.de\/?page_id=141#BG\">\u0411\u044a\u043b\u0433\u0430\u0440\u0441\u043a\u0438<\/a>,&nbsp;&nbsp;<a href=\"https:\/\/lastenvelomannheim.de\/?page_id=141#KR\">Hrvatski<\/a><\/p>\n","protected":false},"excerpt":{"rendered":"<p>Hedda ist ein zweir\u00e4driges Lastenrad, mit Frontloader von\u00a0Yuba vom Typ Supermarch\u00e9 mit elektrischer Unterst\u00fctzung bis 25km\/h. Es k\u00f6nnen zwei Kinder (ca. 1,5 \u2013 6 Jahre) angeschnallt werden.<\/p>\n","protected":false},"author":151,"featured_media":11773,"template":"","meta":{"footnotes":""},"cb_items_category":[33,10,41,31,40],"class_list":["post-8645","cb_item","type-cb_item","status-publish","has-post-thumbnail","hentry","cb_items_category-2-raeder","cb_items_category-alle","cb_items_category-kindertransport","cb_items_category-elektrischer-antrieb","cb_items_category-regenverdeck"],"_links":{"self":[{"href":"https:\/\/lastenvelomannheim.de\/index.php?rest_route=\/wp\/v2\/cb_item\/8645","targetHints":{"allow":["GET"]}}],"collection":[{"href":"https:\/\/lastenvelomannheim.de\/index.php?rest_route=\/wp\/v2\/cb_item"}],"about":[{"href":"https:\/\/lastenvelomannheim.de\/index.php?rest_route=\/wp\/v2\/types\/cb_item"}],"author":[{"embeddable":true,"href":"https:\/\/lastenvelomannheim.de\/index.php?rest_route=\/wp\/v2\/users\/151"}],"version-history":[{"count":4,"href":"https:\/\/lastenvelomannheim.de\/index.php?rest_route=\/wp\/v2\/cb_item\/8645\/revisions"}],"predecessor-version":[{"id":12908,"href":"https:\/\/lastenvelomannheim.de\/index.php?rest_route=\/wp\/v2\/cb_item\/8645\/revisions\/12908"}],"wp:featuredmedia":[{"embeddable":true,"href":"https:\/\/lastenvelomannheim.de\/index.php?rest_route=\/wp\/v2\/media\/11773"}],"wp:attachment":[{"href":"https:\/\/lastenvelomannheim.de\/index.php?rest_route=%2Fwp%2Fv2%2Fmedia&parent=8645"}],"wp:term":[{"taxonomy":"cb_items_category","embeddable":true,"href":"https:\/\/lastenvelomannheim.de\/index.php?rest_route=%2Fwp%2Fv2%2Fcb_items_category&post=8645"}],"curies":[{"name":"wp","href":"https:\/\/api.w.org\/{rel}","templated":true}]}}